{"id":513,"date":"2024-09-11T10:17:44","date_gmt":"2024-09-11T13:17:44","guid":{"rendered":"https:\/\/projetos.f3solucoesweb.com.br\/news2\/?page_id=513"},"modified":"2024-09-11T10:28:14","modified_gmt":"2024-09-11T13:28:14","slug":"ultimas-noticias","status":"publish","type":"page","link":"https:\/\/projetos.f3fabioramos.com.br\/news\/ultimas-noticias\/","title":{"rendered":"\u00daltimas Not\u00edcias"},"content":{"rendered":"\t\t<div data-elementor-type=\"wp-page\" data-elementor-id=\"513\" class=\"elementor elementor-513\" data-elementor-post-type=\"page\">\n\t\t\t\t<div class=\"elementor-element elementor-element-2cfc1ae e-flex e-con-boxed elementor-invisible e-con e-parent\" data-id=\"2cfc1ae\" data-element_type=\"container\" data-e-type=\"container\" data-settings=\"{&quot;animation&quot;:&quot;fadeIn&quot;}\">\n\t\t\t\t\t<div class=\"e-con-inner\">\n\t\t<div class=\"elementor-element elementor-element-2ccaddd e-con-full e-flex e-con e-child\" data-id=\"2ccaddd\" data-element_type=\"container\" data-e-type=\"container\">\n\t\t\t\t<div class=\"elementor-element elementor-element-d9a94ce elementor-widget elementor-widget-jet-listing-grid\" data-id=\"d9a94ce\" data-element_type=\"widget\" data-e-type=\"widget\" data-settings=\"{&quot;columns&quot;:&quot;1&quot;}\" data-widget_type=\"jet-listing-grid.default\">\n\t\t\t\t<div class=\"elementor-widget-container\">\n\t\t\t\t\t<div class=\"jet-listing-grid jet-listing\"><div class=\"jet-listing-grid__items grid-col-desk-1 grid-col-tablet-1 grid-col-mobile-1 jet-listing-grid--521\"  data-nav=\"{&quot;enabled&quot;:false,&quot;type&quot;:null,&quot;more_el&quot;:null,&quot;query&quot;:[],&quot;widget_settings&quot;:{&quot;lisitng_id&quot;:521,&quot;posts_num&quot;:1,&quot;columns&quot;:1,&quot;columns_tablet&quot;:1,&quot;columns_mobile&quot;:1,&quot;is_archive_template&quot;:&quot;&quot;,&quot;post_status&quot;:[&quot;publish&quot;],&quot;use_random_posts_num&quot;:&quot;&quot;,&quot;max_posts_num&quot;:9,&quot;not_found_message&quot;:&quot;No data was found&quot;,&quot;is_masonry&quot;:false,&quot;equal_columns_height&quot;:&quot;&quot;,&quot;use_load_more&quot;:&quot;&quot;,&quot;load_more_id&quot;:&quot;&quot;,&quot;load_more_type&quot;:&quot;click&quot;,&quot;load_more_offset&quot;:{&quot;unit&quot;:&quot;px&quot;,&quot;size&quot;:0,&quot;sizes&quot;:[]},&quot;use_custom_post_types&quot;:&quot;&quot;,&quot;custom_post_types&quot;:[],&quot;hide_widget_if&quot;:&quot;&quot;,&quot;carousel_enabled&quot;:&quot;&quot;,&quot;slides_to_scroll&quot;:&quot;1&quot;,&quot;arrows&quot;:&quot;true&quot;,&quot;arrow_icon&quot;:&quot;fa fa-angle-left&quot;,&quot;dots&quot;:&quot;&quot;,&quot;autoplay&quot;:&quot;true&quot;,&quot;autoplay_speed&quot;:5000,&quot;infinite&quot;:&quot;true&quot;,&quot;center_mode&quot;:&quot;&quot;,&quot;effect&quot;:&quot;slide&quot;,&quot;speed&quot;:500,&quot;inject_alternative_items&quot;:&quot;&quot;,&quot;injection_items&quot;:[],&quot;scroll_slider_enabled&quot;:&quot;&quot;,&quot;scroll_slider_on&quot;:[&quot;desktop&quot;,&quot;tablet&quot;,&quot;mobile&quot;],&quot;custom_query&quot;:false,&quot;custom_query_id&quot;:&quot;&quot;,&quot;_element_id&quot;:&quot;&quot;}}\" data-page=\"1\" data-pages=\"58\" data-listing-source=\"posts\" data-listing-id=\"521\" data-query-id=\"\"><div class=\"jet-listing-grid__item jet-listing-dynamic-post-2704\" data-post-id=\"2704\" ><style type=\"text\/css\">.jet-listing-dynamic-post-2704 .elementor-element.elementor-element-47c736a:not(.elementor-motion-effects-element-type-background), .jet-listing-dynamic-post-2704 .elementor-element.elementor-element-47c736a > .elementor-motion-effects-container > .elementor-motion-effects-layer{background-image:url(\"https:\/\/projetos.f3fabioramos.com.br\/news\/wp-content\/uploads\/2025\/10\/InteligenciaArtificial.webp\");}<\/style><div class=\"jet-engine-listing-overlay-wrap\" data-url=\"https:\/\/projetos.f3fabioramos.com.br\/news\/deepfakes-do-alem-tecnologia-de-ia-traz-pessoas-mortas-de-volta-mas-levanta-dilemas-eticos-sobre-legado-e-memoria\/\">\t\t<div data-elementor-type=\"jet-listing-items\" data-elementor-id=\"521\" class=\"elementor elementor-521\" data-elementor-post-type=\"jet-engine\">\n\t\t\t\t<div class=\"elementor-element elementor-element-47c736a e-flex e-con-boxed e-con e-parent\" data-id=\"47c736a\" data-element_type=\"container\" data-e-type=\"container\" data-settings=\"{&quot;background_background&quot;:&quot;classic&quot;}\">\n\t\t\t\t\t<div class=\"e-con-inner\">\n\t\t\t\t<div class=\"elementor-element elementor-element-617cb1e elementor-widget elementor-widget-heading\" data-id=\"617cb1e\" data-element_type=\"widget\" data-e-type=\"widget\" data-widget_type=\"heading.default\">\n\t\t\t\t<div class=\"elementor-widget-container\">\n\t\t\t\t\t<h2 class=\"elementor-heading-title elementor-size-default\">&#8220;Deepfakes do Al\u00e9m&#8221;: Tecnologia de IA Traz Pessoas Mortas de Volta, Mas Levanta Dilemas \u00c9ticos sobre Legado e Mem\u00f3ria<\/h2>\t\t\t\t<\/div>\n\t\t\t\t<\/div>\n\t\t\t\t<div class=\"elementor-element elementor-element-e5e7b8a elementor-widget elementor-widget-heading\" data-id=\"e5e7b8a\" data-element_type=\"widget\" data-e-type=\"widget\" data-widget_type=\"heading.default\">\n\t\t\t\t<div class=\"elementor-widget-container\">\n\t\t\t\t\t<h2 class=\"elementor-heading-title elementor-size-default\">12 de outubro de 2025<\/h2>\t\t\t\t<\/div>\n\t\t\t\t<\/div>\n\t\t\t\t<div class=\"elementor-element elementor-element-3b60ed7 elementor-widget elementor-widget-shortcode\" data-id=\"3b60ed7\" data-element_type=\"widget\" data-e-type=\"widget\" data-widget_type=\"shortcode.default\">\n\t\t\t\t<div class=\"elementor-widget-container\">\n\t\t\t\t\t\t\t<div class=\"elementor-shortcode\"><\/div>\n\t\t\t\t\t\t<\/div>\n\t\t\t\t<\/div>\n\t\t\t\t\t<\/div>\n\t\t\t\t<\/div>\n\t\t\t\t<\/div>\n\t\t<a href=\"https:\/\/projetos.f3fabioramos.com.br\/news\/deepfakes-do-alem-tecnologia-de-ia-traz-pessoas-mortas-de-volta-mas-levanta-dilemas-eticos-sobre-legado-e-memoria\/\" class=\"jet-engine-listing-overlay-link\"><\/a><\/div><\/div><\/div><\/div>\t\t\t\t<\/div>\n\t\t\t\t<\/div>\n\t\t\t\t<div class=\"elementor-element elementor-element-ece5dc1 elementor-widget elementor-widget-jet-listing-grid\" data-id=\"ece5dc1\" data-element_type=\"widget\" data-e-type=\"widget\" data-settings=\"{&quot;columns&quot;:&quot;1&quot;}\" data-widget_type=\"jet-listing-grid.default\">\n\t\t\t\t<div class=\"elementor-widget-container\">\n\t\t\t\t\t<div class=\"jet-listing-grid jet-listing\"><div class=\"jet-listing-grid__items grid-col-desk-1 grid-col-tablet-1 grid-col-mobile-1 jet-listing-grid--483 jet-equal-columns__wrapper\"  data-nav=\"{&quot;enabled&quot;:true,&quot;type&quot;:&quot;click&quot;,&quot;more_el&quot;:&quot;#carregarmais&quot;,&quot;query&quot;:{&quot;post_status&quot;:[&quot;publish&quot;],&quot;post_type&quot;:&quot;post&quot;,&quot;posts_per_page&quot;:&quot;6&quot;,&quot;paged&quot;:&quot;1&quot;,&quot;ignore_sticky_posts&quot;:&quot;1&quot;,&quot;offset&quot;:&quot;1&quot;,&quot;orderby&quot;:&quot;date&quot;},&quot;widget_settings&quot;:{&quot;lisitng_id&quot;:483,&quot;posts_num&quot;:6,&quot;columns&quot;:1,&quot;columns_tablet&quot;:1,&quot;columns_mobile&quot;:1,&quot;is_archive_template&quot;:&quot;&quot;,&quot;post_status&quot;:[&quot;publish&quot;],&quot;use_random_posts_num&quot;:&quot;&quot;,&quot;max_posts_num&quot;:9,&quot;not_found_message&quot;:&quot;No data was found&quot;,&quot;is_masonry&quot;:false,&quot;equal_columns_height&quot;:&quot;yes&quot;,&quot;use_load_more&quot;:&quot;yes&quot;,&quot;load_more_id&quot;:&quot;carregarmais&quot;,&quot;load_more_type&quot;:&quot;click&quot;,&quot;load_more_offset&quot;:{&quot;unit&quot;:&quot;px&quot;,&quot;size&quot;:0,&quot;sizes&quot;:[]},&quot;use_custom_post_types&quot;:&quot;&quot;,&quot;custom_post_types&quot;:[],&quot;hide_widget_if&quot;:&quot;&quot;,&quot;carousel_enabled&quot;:&quot;&quot;,&quot;slides_to_scroll&quot;:&quot;1&quot;,&quot;arrows&quot;:&quot;true&quot;,&quot;arrow_icon&quot;:&quot;fa fa-angle-left&quot;,&quot;dots&quot;:&quot;&quot;,&quot;autoplay&quot;:&quot;true&quot;,&quot;autoplay_speed&quot;:5000,&quot;infinite&quot;:&quot;true&quot;,&quot;center_mode&quot;:&quot;&quot;,&quot;effect&quot;:&quot;slide&quot;,&quot;speed&quot;:500,&quot;inject_alternative_items&quot;:&quot;&quot;,&quot;injection_items&quot;:[],&quot;scroll_slider_enabled&quot;:&quot;&quot;,&quot;scroll_slider_on&quot;:[&quot;desktop&quot;,&quot;tablet&quot;,&quot;mobile&quot;],&quot;custom_query&quot;:false,&quot;custom_query_id&quot;:&quot;5&quot;,&quot;_element_id&quot;:&quot;&quot;}}\" data-page=\"1\" data-pages=\"10\" data-listing-source=\"posts\" data-listing-id=\"483\" data-query-id=\"\"><div class=\"jet-listing-grid__item jet-listing-dynamic-post-2700 jet-equal-columns\" data-post-id=\"2700\" ><div class=\"jet-engine-listing-overlay-wrap\" data-url=\"https:\/\/projetos.f3fabioramos.com.br\/news\/serie-c-definidos-os-finalistas-e-os-quatro-acessos-a-serie-b-2026\/\">\t\t<div data-elementor-type=\"jet-listing-items\" data-elementor-id=\"483\" class=\"elementor elementor-483\" data-elementor-post-type=\"jet-engine\">\n\t\t\t\t<div class=\"elementor-element elementor-element-951a059 e-flex e-con-boxed e-con e-parent\" data-id=\"951a059\" data-element_type=\"container\" data-e-type=\"container\" data-settings=\"{&quot;background_background&quot;:&quot;classic&quot;}\">\n\t\t\t\t\t<div class=\"e-con-inner\">\n\t\t<div class=\"elementor-element elementor-element-18d52b5 e-con-full e-flex e-con e-child\" data-id=\"18d52b5\" data-element_type=\"container\" data-e-type=\"container\">\n\t\t\t\t<div class=\"elementor-element elementor-element-90058a5 elementor-widget elementor-widget-image\" data-id=\"90058a5\" data-element_type=\"widget\" data-e-type=\"widget\" data-widget_type=\"image.default\">\n\t\t\t\t<div class=\"elementor-widget-container\">\n\t\t\t\t\t\t\t\t\t\t\t\t\t\t\t<img fetchpriority=\"high\" decoding=\"async\" width=\"800\" height=\"400\" src=\"https:\/\/projetos.f3fabioramos.com.br\/news\/wp-content\/uploads\/2025\/10\/futebolb-1024x512.webp\" class=\"attachment-large size-large wp-image-2701\" alt=\"Definidos os Finalistas e os Quatro Acessos \u00e0 S\u00e9rie B 2026\" srcset=\"https:\/\/projetos.f3fabioramos.com.br\/news\/wp-content\/uploads\/2025\/10\/futebolb-1024x512.webp 1024w, https:\/\/projetos.f3fabioramos.com.br\/news\/wp-content\/uploads\/2025\/10\/futebolb-300x150.webp 300w, https:\/\/projetos.f3fabioramos.com.br\/news\/wp-content\/uploads\/2025\/10\/futebolb-768x384.webp 768w, https:\/\/projetos.f3fabioramos.com.br\/news\/wp-content\/uploads\/2025\/10\/futebolb.webp 1200w\" sizes=\"(max-width: 800px) 100vw, 800px\" \/>\t\t\t\t\t\t\t\t\t\t\t\t\t\t\t<\/div>\n\t\t\t\t<\/div>\n\t\t\t\t<\/div>\n\t\t<div class=\"elementor-element elementor-element-4eb07b8 e-con-full e-flex e-con e-child\" data-id=\"4eb07b8\" data-element_type=\"container\" data-e-type=\"container\">\n\t\t\t\t<div class=\"elementor-element elementor-element-d75288d elementor-icon-list--layout-inline elementor-list-item-link-full_width elementor-widget elementor-widget-icon-list\" data-id=\"d75288d\" data-element_type=\"widget\" data-e-type=\"widget\" data-widget_type=\"icon-list.default\">\n\t\t\t\t<div class=\"elementor-widget-container\">\n\t\t\t\t\t\t\t<ul class=\"elementor-icon-list-items elementor-inline-items\">\n\t\t\t\t\t\t\t<li class=\"elementor-icon-list-item elementor-inline-item\">\n\t\t\t\t\t\t\t\t\t\t<span class=\"elementor-icon-list-text\">12 de outubro de 2025<\/span>\n\t\t\t\t\t\t\t\t\t<\/li>\n\t\t\t\t\t\t<\/ul>\n\t\t\t\t\t\t<\/div>\n\t\t\t\t<\/div>\n\t\t\t\t<div class=\"elementor-element elementor-element-c84fbd7 elementor-widget elementor-widget-heading\" data-id=\"c84fbd7\" data-element_type=\"widget\" data-e-type=\"widget\" data-widget_type=\"heading.default\">\n\t\t\t\t<div class=\"elementor-widget-container\">\n\t\t\t\t\t<h2 class=\"elementor-heading-title elementor-size-default\">S\u00e9rie C: Definidos os Finalistas e os Quatro Acessos \u00e0 S\u00e9rie B 2026<\/h2>\t\t\t\t<\/div>\n\t\t\t\t<\/div>\n\t\t\t\t<\/div>\n\t\t\t\t\t<\/div>\n\t\t\t\t<\/div>\n\t\t\t\t<\/div>\n\t\t<a href=\"https:\/\/projetos.f3fabioramos.com.br\/news\/serie-c-definidos-os-finalistas-e-os-quatro-acessos-a-serie-b-2026\/\" class=\"jet-engine-listing-overlay-link\"><\/a><\/div><\/div><div class=\"jet-listing-grid__item jet-listing-dynamic-post-2697 jet-equal-columns\" data-post-id=\"2697\" ><div class=\"jet-engine-listing-overlay-wrap\" data-url=\"https:\/\/projetos.f3fabioramos.com.br\/news\/alerta-na-europa-numero-de-especies-de-abelhas-selvagens-em-risco-de-extincao-dobra-em-dez-anos\/\">\t\t<div data-elementor-type=\"jet-listing-items\" data-elementor-id=\"483\" class=\"elementor elementor-483\" data-elementor-post-type=\"jet-engine\">\n\t\t\t\t<div class=\"elementor-element elementor-element-951a059 e-flex e-con-boxed e-con e-parent\" data-id=\"951a059\" data-element_type=\"container\" data-e-type=\"container\" data-settings=\"{&quot;background_background&quot;:&quot;classic&quot;}\">\n\t\t\t\t\t<div class=\"e-con-inner\">\n\t\t<div class=\"elementor-element elementor-element-18d52b5 e-con-full e-flex e-con e-child\" data-id=\"18d52b5\" data-element_type=\"container\" data-e-type=\"container\">\n\t\t\t\t<div class=\"elementor-element elementor-element-90058a5 elementor-widget elementor-widget-image\" data-id=\"90058a5\" data-element_type=\"widget\" data-e-type=\"widget\" data-widget_type=\"image.default\">\n\t\t\t\t<div class=\"elementor-widget-container\">\n\t\t\t\t\t\t\t\t\t\t\t\t\t\t\t<img decoding=\"async\" width=\"800\" height=\"400\" src=\"https:\/\/projetos.f3fabioramos.com.br\/news\/wp-content\/uploads\/2025\/10\/abelhas-1024x512.webp\" class=\"attachment-large size-large wp-image-2698\" alt=\"N\u00famero de Esp\u00e9cies de Abelhas Selvagens em Risco de Extin\u00e7\u00e3o Dobra em Dez Anos\" srcset=\"https:\/\/projetos.f3fabioramos.com.br\/news\/wp-content\/uploads\/2025\/10\/abelhas-1024x512.webp 1024w, https:\/\/projetos.f3fabioramos.com.br\/news\/wp-content\/uploads\/2025\/10\/abelhas-300x150.webp 300w, https:\/\/projetos.f3fabioramos.com.br\/news\/wp-content\/uploads\/2025\/10\/abelhas-768x384.webp 768w, https:\/\/projetos.f3fabioramos.com.br\/news\/wp-content\/uploads\/2025\/10\/abelhas.webp 1200w\" sizes=\"(max-width: 800px) 100vw, 800px\" \/>\t\t\t\t\t\t\t\t\t\t\t\t\t\t\t<\/div>\n\t\t\t\t<\/div>\n\t\t\t\t<\/div>\n\t\t<div class=\"elementor-element elementor-element-4eb07b8 e-con-full e-flex e-con e-child\" data-id=\"4eb07b8\" data-element_type=\"container\" data-e-type=\"container\">\n\t\t\t\t<div class=\"elementor-element elementor-element-d75288d elementor-icon-list--layout-inline elementor-list-item-link-full_width elementor-widget elementor-widget-icon-list\" data-id=\"d75288d\" data-element_type=\"widget\" data-e-type=\"widget\" data-widget_type=\"icon-list.default\">\n\t\t\t\t<div class=\"elementor-widget-container\">\n\t\t\t\t\t\t\t<ul class=\"elementor-icon-list-items elementor-inline-items\">\n\t\t\t\t\t\t\t<li class=\"elementor-icon-list-item elementor-inline-item\">\n\t\t\t\t\t\t\t\t\t\t<span class=\"elementor-icon-list-text\">12 de outubro de 2025<\/span>\n\t\t\t\t\t\t\t\t\t<\/li>\n\t\t\t\t\t\t<\/ul>\n\t\t\t\t\t\t<\/div>\n\t\t\t\t<\/div>\n\t\t\t\t<div class=\"elementor-element elementor-element-c84fbd7 elementor-widget elementor-widget-heading\" data-id=\"c84fbd7\" data-element_type=\"widget\" data-e-type=\"widget\" data-widget_type=\"heading.default\">\n\t\t\t\t<div class=\"elementor-widget-container\">\n\t\t\t\t\t<h2 class=\"elementor-heading-title elementor-size-default\">Alerta na Europa: N\u00famero de Esp\u00e9cies de Abelhas Selvagens em Risco de Extin\u00e7\u00e3o Dobra em Dez Anos<\/h2>\t\t\t\t<\/div>\n\t\t\t\t<\/div>\n\t\t\t\t<\/div>\n\t\t\t\t\t<\/div>\n\t\t\t\t<\/div>\n\t\t\t\t<\/div>\n\t\t<a href=\"https:\/\/projetos.f3fabioramos.com.br\/news\/alerta-na-europa-numero-de-especies-de-abelhas-selvagens-em-risco-de-extincao-dobra-em-dez-anos\/\" class=\"jet-engine-listing-overlay-link\"><\/a><\/div><\/div><div class=\"jet-listing-grid__item jet-listing-dynamic-post-2694 jet-equal-columns\" data-post-id=\"2694\" ><div class=\"jet-engine-listing-overlay-wrap\" data-url=\"https:\/\/projetos.f3fabioramos.com.br\/news\/cessar-fogo-se-mantem-com-inicio-iminente-da-libertacao-de-refens-e-visita-de-trump\/\">\t\t<div data-elementor-type=\"jet-listing-items\" data-elementor-id=\"483\" class=\"elementor elementor-483\" data-elementor-post-type=\"jet-engine\">\n\t\t\t\t<div class=\"elementor-element elementor-element-951a059 e-flex e-con-boxed e-con e-parent\" data-id=\"951a059\" data-element_type=\"container\" data-e-type=\"container\" data-settings=\"{&quot;background_background&quot;:&quot;classic&quot;}\">\n\t\t\t\t\t<div class=\"e-con-inner\">\n\t\t<div class=\"elementor-element elementor-element-18d52b5 e-con-full e-flex e-con e-child\" data-id=\"18d52b5\" data-element_type=\"container\" data-e-type=\"container\">\n\t\t\t\t<div class=\"elementor-element elementor-element-90058a5 elementor-widget elementor-widget-image\" data-id=\"90058a5\" data-element_type=\"widget\" data-e-type=\"widget\" data-widget_type=\"image.default\">\n\t\t\t\t<div class=\"elementor-widget-container\">\n\t\t\t\t\t\t\t\t\t\t\t\t\t\t\t<img decoding=\"async\" width=\"800\" height=\"400\" src=\"https:\/\/projetos.f3fabioramos.com.br\/news\/wp-content\/uploads\/2025\/10\/Palestinos-1024x512.webp\" class=\"attachment-large size-large wp-image-2695\" alt=\"Palestinos recolhem suprimentos de ajuda de caminh\u00f5es que entraram em Gaza, em meio a um cessar-fogo entre Israel e o Hamas, em Khan Younis, no sul da Faixa de Gaza, em 12 de outubro de 2025. REUTERS\/Ramadan Abed\" srcset=\"https:\/\/projetos.f3fabioramos.com.br\/news\/wp-content\/uploads\/2025\/10\/Palestinos-1024x512.webp 1024w, https:\/\/projetos.f3fabioramos.com.br\/news\/wp-content\/uploads\/2025\/10\/Palestinos-300x150.webp 300w, https:\/\/projetos.f3fabioramos.com.br\/news\/wp-content\/uploads\/2025\/10\/Palestinos-768x384.webp 768w, https:\/\/projetos.f3fabioramos.com.br\/news\/wp-content\/uploads\/2025\/10\/Palestinos.webp 1200w\" sizes=\"(max-width: 800px) 100vw, 800px\" \/>\t\t\t\t\t\t\t\t\t\t\t\t\t\t\t<\/div>\n\t\t\t\t<\/div>\n\t\t\t\t<\/div>\n\t\t<div class=\"elementor-element elementor-element-4eb07b8 e-con-full e-flex e-con e-child\" data-id=\"4eb07b8\" data-element_type=\"container\" data-e-type=\"container\">\n\t\t\t\t<div class=\"elementor-element elementor-element-d75288d elementor-icon-list--layout-inline elementor-list-item-link-full_width elementor-widget elementor-widget-icon-list\" data-id=\"d75288d\" data-element_type=\"widget\" data-e-type=\"widget\" data-widget_type=\"icon-list.default\">\n\t\t\t\t<div class=\"elementor-widget-container\">\n\t\t\t\t\t\t\t<ul class=\"elementor-icon-list-items elementor-inline-items\">\n\t\t\t\t\t\t\t<li class=\"elementor-icon-list-item elementor-inline-item\">\n\t\t\t\t\t\t\t\t\t\t<span class=\"elementor-icon-list-text\">12 de outubro de 2025<\/span>\n\t\t\t\t\t\t\t\t\t<\/li>\n\t\t\t\t\t\t<\/ul>\n\t\t\t\t\t\t<\/div>\n\t\t\t\t<\/div>\n\t\t\t\t<div class=\"elementor-element elementor-element-c84fbd7 elementor-widget elementor-widget-heading\" data-id=\"c84fbd7\" data-element_type=\"widget\" data-e-type=\"widget\" data-widget_type=\"heading.default\">\n\t\t\t\t<div class=\"elementor-widget-container\">\n\t\t\t\t\t<h2 class=\"elementor-heading-title elementor-size-default\">Cessar-Fogo se Mant\u00e9m com In\u00edcio Iminente da Liberta\u00e7\u00e3o de Ref\u00e9ns e Visita de Trump<\/h2>\t\t\t\t<\/div>\n\t\t\t\t<\/div>\n\t\t\t\t<\/div>\n\t\t\t\t\t<\/div>\n\t\t\t\t<\/div>\n\t\t\t\t<\/div>\n\t\t<a href=\"https:\/\/projetos.f3fabioramos.com.br\/news\/cessar-fogo-se-mantem-com-inicio-iminente-da-libertacao-de-refens-e-visita-de-trump\/\" class=\"jet-engine-listing-overlay-link\"><\/a><\/div><\/div><div class=\"jet-listing-grid__item jet-listing-dynamic-post-2691 jet-equal-columns\" data-post-id=\"2691\" ><div class=\"jet-engine-listing-overlay-wrap\" data-url=\"https:\/\/projetos.f3fabioramos.com.br\/news\/zelensky-parabeniza-trump-por-acordo-no-oriente-medio-e-expressa-confianca-na-paz-para-a-ucrania\/\">\t\t<div data-elementor-type=\"jet-listing-items\" data-elementor-id=\"483\" class=\"elementor elementor-483\" data-elementor-post-type=\"jet-engine\">\n\t\t\t\t<div class=\"elementor-element elementor-element-951a059 e-flex e-con-boxed e-con e-parent\" data-id=\"951a059\" data-element_type=\"container\" data-e-type=\"container\" data-settings=\"{&quot;background_background&quot;:&quot;classic&quot;}\">\n\t\t\t\t\t<div class=\"e-con-inner\">\n\t\t<div class=\"elementor-element elementor-element-18d52b5 e-con-full e-flex e-con e-child\" data-id=\"18d52b5\" data-element_type=\"container\" data-e-type=\"container\">\n\t\t\t\t<div class=\"elementor-element elementor-element-90058a5 elementor-widget elementor-widget-image\" data-id=\"90058a5\" data-element_type=\"widget\" data-e-type=\"widget\" data-widget_type=\"image.default\">\n\t\t\t\t<div class=\"elementor-widget-container\">\n\t\t\t\t\t\t\t\t\t\t\t\t\t\t\t<img loading=\"lazy\" decoding=\"async\" width=\"800\" height=\"400\" src=\"https:\/\/projetos.f3fabioramos.com.br\/news\/wp-content\/uploads\/2025\/10\/Zelensky-y-Donald-Trump-1024x512.webp\" class=\"attachment-large size-large wp-image-2692\" alt=\"O encontro entre Volodymyr Zelensky e Donald Trump durante a Assembleia Geral das Na\u00e7\u00f5es Unidas, 23 de setembro de 2025, em Nova York (AP Photo\/Evan Vucci)\" srcset=\"https:\/\/projetos.f3fabioramos.com.br\/news\/wp-content\/uploads\/2025\/10\/Zelensky-y-Donald-Trump-1024x512.webp 1024w, https:\/\/projetos.f3fabioramos.com.br\/news\/wp-content\/uploads\/2025\/10\/Zelensky-y-Donald-Trump-300x150.webp 300w, https:\/\/projetos.f3fabioramos.com.br\/news\/wp-content\/uploads\/2025\/10\/Zelensky-y-Donald-Trump-768x384.webp 768w, https:\/\/projetos.f3fabioramos.com.br\/news\/wp-content\/uploads\/2025\/10\/Zelensky-y-Donald-Trump.webp 1200w\" sizes=\"(max-width: 800px) 100vw, 800px\" \/>\t\t\t\t\t\t\t\t\t\t\t\t\t\t\t<\/div>\n\t\t\t\t<\/div>\n\t\t\t\t<\/div>\n\t\t<div class=\"elementor-element elementor-element-4eb07b8 e-con-full e-flex e-con e-child\" data-id=\"4eb07b8\" data-element_type=\"container\" data-e-type=\"container\">\n\t\t\t\t<div class=\"elementor-element elementor-element-d75288d elementor-icon-list--layout-inline elementor-list-item-link-full_width elementor-widget elementor-widget-icon-list\" data-id=\"d75288d\" data-element_type=\"widget\" data-e-type=\"widget\" data-widget_type=\"icon-list.default\">\n\t\t\t\t<div class=\"elementor-widget-container\">\n\t\t\t\t\t\t\t<ul class=\"elementor-icon-list-items elementor-inline-items\">\n\t\t\t\t\t\t\t<li class=\"elementor-icon-list-item elementor-inline-item\">\n\t\t\t\t\t\t\t\t\t\t<span class=\"elementor-icon-list-text\">11 de outubro de 2025<\/span>\n\t\t\t\t\t\t\t\t\t<\/li>\n\t\t\t\t\t\t<\/ul>\n\t\t\t\t\t\t<\/div>\n\t\t\t\t<\/div>\n\t\t\t\t<div class=\"elementor-element elementor-element-c84fbd7 elementor-widget elementor-widget-heading\" data-id=\"c84fbd7\" data-element_type=\"widget\" data-e-type=\"widget\" data-widget_type=\"heading.default\">\n\t\t\t\t<div class=\"elementor-widget-container\">\n\t\t\t\t\t<h2 class=\"elementor-heading-title elementor-size-default\">Zelensky Parabeniza Trump por Acordo no Oriente M\u00e9dio e Expressa Confian\u00e7a na Paz para a Ucr\u00e2nia<\/h2>\t\t\t\t<\/div>\n\t\t\t\t<\/div>\n\t\t\t\t<\/div>\n\t\t\t\t\t<\/div>\n\t\t\t\t<\/div>\n\t\t\t\t<\/div>\n\t\t<a href=\"https:\/\/projetos.f3fabioramos.com.br\/news\/zelensky-parabeniza-trump-por-acordo-no-oriente-medio-e-expressa-confianca-na-paz-para-a-ucrania\/\" class=\"jet-engine-listing-overlay-link\"><\/a><\/div><\/div><div class=\"jet-listing-grid__item jet-listing-dynamic-post-2661 jet-equal-columns\" data-post-id=\"2661\" ><div class=\"jet-engine-listing-overlay-wrap\" data-url=\"https:\/\/projetos.f3fabioramos.com.br\/news\/g-4-fica-elastico-apos-31a-rodada-da-serie-b-athletico-pr-sai-e-chapecoense-entra\/\">\t\t<div data-elementor-type=\"jet-listing-items\" data-elementor-id=\"483\" class=\"elementor elementor-483\" data-elementor-post-type=\"jet-engine\">\n\t\t\t\t<div class=\"elementor-element elementor-element-951a059 e-flex e-con-boxed e-con e-parent\" data-id=\"951a059\" data-element_type=\"container\" data-e-type=\"container\" data-settings=\"{&quot;background_background&quot;:&quot;classic&quot;}\">\n\t\t\t\t\t<div class=\"e-con-inner\">\n\t\t<div class=\"elementor-element elementor-element-18d52b5 e-con-full e-flex e-con e-child\" data-id=\"18d52b5\" data-element_type=\"container\" data-e-type=\"container\">\n\t\t\t\t<div class=\"elementor-element elementor-element-90058a5 elementor-widget elementor-widget-image\" data-id=\"90058a5\" data-element_type=\"widget\" data-e-type=\"widget\" data-widget_type=\"image.default\">\n\t\t\t\t<div class=\"elementor-widget-container\">\n\t\t\t\t\t\t\t\t\t\t\t\t\t\t\t<img loading=\"lazy\" decoding=\"async\" width=\"800\" height=\"400\" src=\"https:\/\/projetos.f3fabioramos.com.br\/news\/wp-content\/uploads\/2025\/10\/futebol-1024x512.webp\" class=\"attachment-large size-large wp-image-2662\" alt=\"\" srcset=\"https:\/\/projetos.f3fabioramos.com.br\/news\/wp-content\/uploads\/2025\/10\/futebol-1024x512.webp 1024w, https:\/\/projetos.f3fabioramos.com.br\/news\/wp-content\/uploads\/2025\/10\/futebol-300x150.webp 300w, https:\/\/projetos.f3fabioramos.com.br\/news\/wp-content\/uploads\/2025\/10\/futebol-768x384.webp 768w, https:\/\/projetos.f3fabioramos.com.br\/news\/wp-content\/uploads\/2025\/10\/futebol.webp 1200w\" sizes=\"(max-width: 800px) 100vw, 800px\" \/>\t\t\t\t\t\t\t\t\t\t\t\t\t\t\t<\/div>\n\t\t\t\t<\/div>\n\t\t\t\t<\/div>\n\t\t<div class=\"elementor-element elementor-element-4eb07b8 e-con-full e-flex e-con e-child\" data-id=\"4eb07b8\" data-element_type=\"container\" data-e-type=\"container\">\n\t\t\t\t<div class=\"elementor-element elementor-element-d75288d elementor-icon-list--layout-inline elementor-list-item-link-full_width elementor-widget elementor-widget-icon-list\" data-id=\"d75288d\" data-element_type=\"widget\" data-e-type=\"widget\" data-widget_type=\"icon-list.default\">\n\t\t\t\t<div class=\"elementor-widget-container\">\n\t\t\t\t\t\t\t<ul class=\"elementor-icon-list-items elementor-inline-items\">\n\t\t\t\t\t\t\t<li class=\"elementor-icon-list-item elementor-inline-item\">\n\t\t\t\t\t\t\t\t\t\t<span class=\"elementor-icon-list-text\">10 de outubro de 2025<\/span>\n\t\t\t\t\t\t\t\t\t<\/li>\n\t\t\t\t\t\t<\/ul>\n\t\t\t\t\t\t<\/div>\n\t\t\t\t<\/div>\n\t\t\t\t<div class=\"elementor-element elementor-element-c84fbd7 elementor-widget elementor-widget-heading\" data-id=\"c84fbd7\" data-element_type=\"widget\" data-e-type=\"widget\" data-widget_type=\"heading.default\">\n\t\t\t\t<div class=\"elementor-widget-container\">\n\t\t\t\t\t<h2 class=\"elementor-heading-title elementor-size-default\">G-4 Fica El\u00e1stico Ap\u00f3s 31\u00aa Rodada da S\u00e9rie B; Athletico-PR Sai e Chapecoense Entra<\/h2>\t\t\t\t<\/div>\n\t\t\t\t<\/div>\n\t\t\t\t<\/div>\n\t\t\t\t\t<\/div>\n\t\t\t\t<\/div>\n\t\t\t\t<\/div>\n\t\t<a href=\"https:\/\/projetos.f3fabioramos.com.br\/news\/g-4-fica-elastico-apos-31a-rodada-da-serie-b-athletico-pr-sai-e-chapecoense-entra\/\" class=\"jet-engine-listing-overlay-link\"><\/a><\/div><\/div><div class=\"jet-listing-grid__item jet-listing-dynamic-post-2656 jet-equal-columns\" data-post-id=\"2656\" ><div class=\"jet-engine-listing-overlay-wrap\" data-url=\"https:\/\/projetos.f3fabioramos.com.br\/news\/maria-corina-machado-vence-o-premio-nobel-da-paz-2025\/\">\t\t<div data-elementor-type=\"jet-listing-items\" data-elementor-id=\"483\" class=\"elementor elementor-483\" data-elementor-post-type=\"jet-engine\">\n\t\t\t\t<div class=\"elementor-element elementor-element-951a059 e-flex e-con-boxed e-con e-parent\" data-id=\"951a059\" data-element_type=\"container\" data-e-type=\"container\" data-settings=\"{&quot;background_background&quot;:&quot;classic&quot;}\">\n\t\t\t\t\t<div class=\"e-con-inner\">\n\t\t<div class=\"elementor-element elementor-element-18d52b5 e-con-full e-flex e-con e-child\" data-id=\"18d52b5\" data-element_type=\"container\" data-e-type=\"container\">\n\t\t\t\t<div class=\"elementor-element elementor-element-90058a5 elementor-widget elementor-widget-image\" data-id=\"90058a5\" data-element_type=\"widget\" data-e-type=\"widget\" data-widget_type=\"image.default\">\n\t\t\t\t<div class=\"elementor-widget-container\">\n\t\t\t\t\t\t\t\t\t\t\t\t\t\t\t<img loading=\"lazy\" decoding=\"async\" width=\"800\" height=\"400\" src=\"https:\/\/projetos.f3fabioramos.com.br\/news\/wp-content\/uploads\/2025\/10\/Nobel-da-Paz2025-1024x512.webp\" class=\"attachment-large size-large wp-image-2657\" alt=\"\" srcset=\"https:\/\/projetos.f3fabioramos.com.br\/news\/wp-content\/uploads\/2025\/10\/Nobel-da-Paz2025-1024x512.webp 1024w, https:\/\/projetos.f3fabioramos.com.br\/news\/wp-content\/uploads\/2025\/10\/Nobel-da-Paz2025-300x150.webp 300w, https:\/\/projetos.f3fabioramos.com.br\/news\/wp-content\/uploads\/2025\/10\/Nobel-da-Paz2025-768x384.webp 768w, https:\/\/projetos.f3fabioramos.com.br\/news\/wp-content\/uploads\/2025\/10\/Nobel-da-Paz2025.webp 1200w\" sizes=\"(max-width: 800px) 100vw, 800px\" \/>\t\t\t\t\t\t\t\t\t\t\t\t\t\t\t<\/div>\n\t\t\t\t<\/div>\n\t\t\t\t<\/div>\n\t\t<div class=\"elementor-element elementor-element-4eb07b8 e-con-full e-flex e-con e-child\" data-id=\"4eb07b8\" data-element_type=\"container\" data-e-type=\"container\">\n\t\t\t\t<div class=\"elementor-element elementor-element-d75288d elementor-icon-list--layout-inline elementor-list-item-link-full_width elementor-widget elementor-widget-icon-list\" data-id=\"d75288d\" data-element_type=\"widget\" data-e-type=\"widget\" data-widget_type=\"icon-list.default\">\n\t\t\t\t<div class=\"elementor-widget-container\">\n\t\t\t\t\t\t\t<ul class=\"elementor-icon-list-items elementor-inline-items\">\n\t\t\t\t\t\t\t<li class=\"elementor-icon-list-item elementor-inline-item\">\n\t\t\t\t\t\t\t\t\t\t<span class=\"elementor-icon-list-text\">10 de outubro de 2025<\/span>\n\t\t\t\t\t\t\t\t\t<\/li>\n\t\t\t\t\t\t<\/ul>\n\t\t\t\t\t\t<\/div>\n\t\t\t\t<\/div>\n\t\t\t\t<div class=\"elementor-element elementor-element-c84fbd7 elementor-widget elementor-widget-heading\" data-id=\"c84fbd7\" data-element_type=\"widget\" data-e-type=\"widget\" data-widget_type=\"heading.default\">\n\t\t\t\t<div class=\"elementor-widget-container\">\n\t\t\t\t\t<h2 class=\"elementor-heading-title elementor-size-default\">Maria Corina Machado Vence o Pr\u00eamio Nobel da Paz 2025<\/h2>\t\t\t\t<\/div>\n\t\t\t\t<\/div>\n\t\t\t\t<\/div>\n\t\t\t\t\t<\/div>\n\t\t\t\t<\/div>\n\t\t\t\t<\/div>\n\t\t<a href=\"https:\/\/projetos.f3fabioramos.com.br\/news\/maria-corina-machado-vence-o-premio-nobel-da-paz-2025\/\" class=\"jet-engine-listing-overlay-link\"><\/a><\/div><\/div><\/div><div class=\"jet-listing-grid__loader\"><div class=\"jet-listing-grid__loader-spinner\"><\/div><div class=\"jet-listing-grid__loader-text\">Carregando mais<\/div><\/div><\/div>\t\t\t\t<\/div>\n\t\t\t\t<\/div>\n\t\t\t\t<div class=\"elementor-element elementor-element-8dfefc4 elementor-widget elementor-widget-button\" data-id=\"8dfefc4\" data-element_type=\"widget\" data-e-type=\"widget\" data-widget_type=\"button.default\">\n\t\t\t\t<div class=\"elementor-widget-container\">\n\t\t\t\t\t\t\t\t\t<div class=\"elementor-button-wrapper\">\n\t\t\t\t\t<a class=\"elementor-button elementor-size-sm\" role=\"button\" id=\"carregarmais\">\n\t\t\t\t\t\t<span class=\"elementor-button-content-wrapper\">\n\t\t\t\t\t\t\t\t\t<span class=\"elementor-button-text\">Veja +<\/span>\n\t\t\t\t\t<\/span>\n\t\t\t\t\t<\/a>\n\t\t\t\t<\/div>\n\t\t\t\t\t\t\t\t<\/div>\n\t\t\t\t<\/div>\n\t\t\t\t<\/div>\n\t\t<div class=\"elementor-element elementor-element-e6104b0 e-con-full e-flex e-con e-child\" data-id=\"e6104b0\" data-element_type=\"container\" data-e-type=\"container\">\n\t\t\t\t<div class=\"elementor-element elementor-element-cf3a894 elementor-widget elementor-widget-jet-tabs\" data-id=\"cf3a894\" data-element_type=\"widget\" data-e-type=\"widget\" data-settings=\"{&quot;tabs_position&quot;:&quot;top&quot;}\" data-widget_type=\"jet-tabs.default\">\n\t\t\t\t<div class=\"elementor-widget-container\">\n\t\t\t\t\t\t\t<div class=\"jet-tabs jet-tabs-position-top jet-tabs-none-effect \" data-settings=\"{&quot;activeIndex&quot;:0,&quot;event&quot;:&quot;click&quot;,&quot;autoSwitch&quot;:false,&quot;autoSwitchDelay&quot;:3000,&quot;ajaxTemplate&quot;:false,&quot;tabsPosition&quot;:&quot;top&quot;,&quot;switchScrolling&quot;:false,&quot;switchScrollingOffset&quot;:0}\" role=\"tablist\">\n\t\t\t<div class=\"jet-tabs__control-wrapper\">\n\t\t\t\t<div id=\"jet-tabs-control-2171\" class=\"jet-tabs__control jet-tabs__control-icon-left elementor-menu-anchor active-tab\" data-tab=\"1\" tabindex=\"0\" role=\"tab\" aria-controls=\"jet-tabs-content-2171\" aria-expanded=\"true\" data-template-id=\"285\"><div class=\"jet-tabs__control-inner\"><div class=\"jet-tabs__label-icon jet-tabs-icon\"><svg class=\"e-font-icon-svg e-fas-plus\" viewBox=\"0 0 448 512\" xmlns=\"http:\/\/www.w3.org\/2000\/svg\"><path d=\"M416 208H272V64c0-17.67-14.33-32-32-32h-32c-17.67 0-32 14.33-32 32v144H32c-17.67 0-32 14.33-32 32v32c0 17.67 14.33 32 32 32h144v144c0 17.67 14.33 32 32 32h32c17.67 0 32-14.33 32-32V304h144c17.67 0 32-14.33 32-32v-32c0-17.67-14.33-32-32-32z\"><\/path><\/svg><\/div><div class=\"jet-tabs__label-text\">Lidas<\/div><\/div><\/div><div id=\"jet-tabs-control-2172\" class=\"jet-tabs__control jet-tabs__control-icon-left elementor-menu-anchor \" data-tab=\"2\" tabindex=\"0\" role=\"tab\" aria-controls=\"jet-tabs-content-2172\" aria-expanded=\"false\" data-template-id=\"262\"><div class=\"jet-tabs__control-inner\"><div class=\"jet-tabs__label-text\">\u00daltimas<\/div><\/div><\/div><div id=\"jet-tabs-control-2173\" class=\"jet-tabs__control jet-tabs__control-icon-left elementor-menu-anchor \" data-tab=\"3\" tabindex=\"0\" role=\"tab\" aria-controls=\"jet-tabs-content-2173\" aria-expanded=\"false\" data-template-id=\"435\"><div class=\"jet-tabs__control-inner\"><div class=\"jet-tabs__label-text\">Mundo<\/div><\/div><\/div>\t\t\t<\/div>\n\t\t\t<div class=\"jet-tabs__content-wrapper\">\n\t\t\t\t<div id=\"jet-tabs-content-2171\" class=\"jet-tabs__content active-content\" data-tab=\"1\" role=\"tabpanel\" aria-hidden=\"false\" data-template-id=\"285\">\t\t<div data-elementor-type=\"section\" data-elementor-id=\"285\" class=\"elementor elementor-285\" data-elementor-post-type=\"elementor_library\">\n\t\t\t<div class=\"elementor-element elementor-element-026da61 e-flex e-con-boxed e-con e-parent\" data-id=\"026da61\" data-element_type=\"container\" data-e-type=\"container\">\n\t\t\t\t\t<div class=\"e-con-inner\">\n\t\t\t\t<div class=\"elementor-element elementor-element-d73c50d elementor-widget elementor-widget-jet-listing-grid\" data-id=\"d73c50d\" data-element_type=\"widget\" data-e-type=\"widget\" data-settings=\"{&quot;columns&quot;:&quot;1&quot;}\" data-widget_type=\"jet-listing-grid.default\">\n\t\t\t\t<div class=\"elementor-widget-container\">\n\t\t\t\t\t<div class=\"jet-listing-grid jet-listing\"><div class=\"jet-listing-grid__items grid-col-desk-1 grid-col-tablet-1 grid-col-mobile-1 jet-listing-grid--263\"  data-nav=\"{&quot;enabled&quot;:false,&quot;type&quot;:null,&quot;more_el&quot;:null,&quot;query&quot;:[],&quot;widget_settings&quot;:{&quot;lisitng_id&quot;:263,&quot;posts_num&quot;:4,&quot;columns&quot;:1,&quot;columns_tablet&quot;:1,&quot;columns_mobile&quot;:1,&quot;is_archive_template&quot;:&quot;&quot;,&quot;post_status&quot;:[&quot;publish&quot;],&quot;use_random_posts_num&quot;:&quot;&quot;,&quot;max_posts_num&quot;:9,&quot;not_found_message&quot;:&quot;Nenhuma not\\u00edcias vista&quot;,&quot;is_masonry&quot;:false,&quot;equal_columns_height&quot;:&quot;&quot;,&quot;use_load_more&quot;:&quot;&quot;,&quot;load_more_id&quot;:&quot;&quot;,&quot;load_more_type&quot;:&quot;click&quot;,&quot;load_more_offset&quot;:{&quot;unit&quot;:&quot;px&quot;,&quot;size&quot;:0,&quot;sizes&quot;:[]},&quot;use_custom_post_types&quot;:&quot;&quot;,&quot;custom_post_types&quot;:[],&quot;hide_widget_if&quot;:&quot;&quot;,&quot;carousel_enabled&quot;:&quot;&quot;,&quot;slides_to_scroll&quot;:&quot;1&quot;,&quot;arrows&quot;:&quot;true&quot;,&quot;arrow_icon&quot;:&quot;fa fa-angle-left&quot;,&quot;dots&quot;:&quot;&quot;,&quot;autoplay&quot;:&quot;true&quot;,&quot;autoplay_speed&quot;:5000,&quot;infinite&quot;:&quot;true&quot;,&quot;center_mode&quot;:&quot;&quot;,&quot;effect&quot;:&quot;slide&quot;,&quot;speed&quot;:500,&quot;inject_alternative_items&quot;:&quot;&quot;,&quot;injection_items&quot;:[],&quot;scroll_slider_enabled&quot;:&quot;&quot;,&quot;scroll_slider_on&quot;:[&quot;desktop&quot;,&quot;tablet&quot;,&quot;mobile&quot;],&quot;custom_query&quot;:false,&quot;custom_query_id&quot;:&quot;&quot;,&quot;_element_id&quot;:&quot;&quot;}}\" data-page=\"1\" data-pages=\"8\" data-listing-source=\"posts\" data-listing-id=\"263\" data-query-id=\"\"><div class=\"jet-listing-grid__item jet-listing-dynamic-post-144\" data-post-id=\"144\" ><style type=\"text\/css\">.jet-listing-dynamic-post-144 .elementor-element.elementor-element-d6864fd .elementor-button{background-color:rgb(31,168,196);}<\/style><div class=\"jet-engine-listing-overlay-wrap\" data-url=\"https:\/\/projetos.f3fabioramos.com.br\/news\/avancos-na-pesquisa-do-cancer-novo-medicamento-demonstra-resultados-promissores-em-ensaios-clinicos\/\">\t\t<div data-elementor-type=\"jet-listing-items\" data-elementor-id=\"263\" class=\"elementor elementor-263\" data-elementor-post-type=\"jet-engine\">\n\t\t\t\t<div class=\"elementor-element elementor-element-8d69352 e-flex e-con-boxed elementor-invisible e-con e-parent\" data-id=\"8d69352\" data-element_type=\"container\" data-e-type=\"container\" data-settings=\"{&quot;animation&quot;:&quot;fadeIn&quot;}\">\n\t\t\t\t\t<div class=\"e-con-inner\">\n\t\t<div class=\"elementor-element elementor-element-8579b02 e-con-full e-flex e-con e-child\" data-id=\"8579b02\" data-element_type=\"container\" data-e-type=\"container\">\n\t\t\t\t<div class=\"elementor-element elementor-element-2c9e62a elementor-widget elementor-widget-image\" data-id=\"2c9e62a\" data-element_type=\"widget\" data-e-type=\"widget\" data-widget_type=\"image.default\">\n\t\t\t\t<div class=\"elementor-widget-container\">\n\t\t\t\t\t\t\t\t\t\t\t\t\t\t\t<img loading=\"lazy\" decoding=\"async\" width=\"800\" height=\"400\" src=\"https:\/\/projetos.f3fabioramos.com.br\/news\/wp-content\/uploads\/2024\/09\/36-1024x512.webp\" class=\"attachment-large size-large wp-image-145\" alt=\"\" srcset=\"https:\/\/projetos.f3fabioramos.com.br\/news\/wp-content\/uploads\/2024\/09\/36-1024x512.webp 1024w, https:\/\/projetos.f3fabioramos.com.br\/news\/wp-content\/uploads\/2024\/09\/36-300x150.webp 300w, https:\/\/projetos.f3fabioramos.com.br\/news\/wp-content\/uploads\/2024\/09\/36-768x384.webp 768w, https:\/\/projetos.f3fabioramos.com.br\/news\/wp-content\/uploads\/2024\/09\/36.webp 1200w\" sizes=\"(max-width: 800px) 100vw, 800px\" \/>\t\t\t\t\t\t\t\t\t\t\t\t\t\t\t<\/div>\n\t\t\t\t<\/div>\n\t\t\t\t<\/div>\n\t\t<div class=\"elementor-element elementor-element-827b027 e-con-full e-flex e-con e-child\" data-id=\"827b027\" data-element_type=\"container\" data-e-type=\"container\">\n\t\t\t\t<div class=\"elementor-element elementor-element-d6864fd elementor-widget elementor-widget-button\" data-id=\"d6864fd\" data-element_type=\"widget\" data-e-type=\"widget\" data-widget_type=\"button.default\">\n\t\t\t\t<div class=\"elementor-widget-container\">\n\t\t\t\t\t\t\t\t\t<div class=\"elementor-button-wrapper\">\n\t\t\t\t\t<a class=\"elementor-button elementor-size-sm\" role=\"button\">\n\t\t\t\t\t\t<span class=\"elementor-button-content-wrapper\">\n\t\t\t\t\t\t\t\t\t<span class=\"elementor-button-text\">Sa\u00fade<\/span>\n\t\t\t\t\t<\/span>\n\t\t\t\t\t<\/a>\n\t\t\t\t<\/div>\n\t\t\t\t\t\t\t\t<\/div>\n\t\t\t\t<\/div>\n\t\t\t\t<div class=\"elementor-element elementor-element-4c445f3 elementor-widget elementor-widget-heading\" data-id=\"4c445f3\" data-element_type=\"widget\" data-e-type=\"widget\" data-widget_type=\"heading.default\">\n\t\t\t\t<div class=\"elementor-widget-container\">\n\t\t\t\t\t<h2 class=\"elementor-heading-title elementor-size-default\"><a href=\"https:\/\/projetos.f3fabioramos.com.br\/news\/avancos-na-pesquisa-do-cancer-novo-medicamento-demonstra-resultados-promissores-em-ensaios-clinicos\/\">24 &#8211; Avan\u00e7os na Pesquisa do C\u00e2ncer: Novo Medicamento Demonstra Resultados Promissores em Ensaios Cl\u00ednicos<\/a><\/h2>\t\t\t\t<\/div>\n\t\t\t\t<\/div>\n\t\t\t\t<\/div>\n\t\t\t\t\t<\/div>\n\t\t\t\t<\/div>\n\t\t\t\t<\/div>\n\t\t<a href=\"https:\/\/projetos.f3fabioramos.com.br\/news\/avancos-na-pesquisa-do-cancer-novo-medicamento-demonstra-resultados-promissores-em-ensaios-clinicos\/\" class=\"jet-engine-listing-overlay-link\"><\/a><\/div><\/div><div class=\"jet-listing-grid__item jet-listing-dynamic-post-2414\" data-post-id=\"2414\" ><style type=\"text\/css\">.jet-listing-dynamic-post-2414 .elementor-element.elementor-element-d6864fd .elementor-button{background-color:rgb(27,30,209);}<\/style><div class=\"jet-engine-listing-overlay-wrap\" data-url=\"https:\/\/projetos.f3fabioramos.com.br\/news\/cientistas-brasileiros-criam-interface-cerebro-maquina-vestivel-e-nao-invasiva\/\">\t\t<div data-elementor-type=\"jet-listing-items\" data-elementor-id=\"263\" class=\"elementor elementor-263\" data-elementor-post-type=\"jet-engine\">\n\t\t\t\t<div class=\"elementor-element elementor-element-8d69352 e-flex e-con-boxed elementor-invisible e-con e-parent\" data-id=\"8d69352\" data-element_type=\"container\" data-e-type=\"container\" data-settings=\"{&quot;animation&quot;:&quot;fadeIn&quot;}\">\n\t\t\t\t\t<div class=\"e-con-inner\">\n\t\t<div class=\"elementor-element elementor-element-8579b02 e-con-full e-flex e-con e-child\" data-id=\"8579b02\" data-element_type=\"container\" data-e-type=\"container\">\n\t\t\t\t<div class=\"elementor-element elementor-element-2c9e62a elementor-widget elementor-widget-image\" data-id=\"2c9e62a\" data-element_type=\"widget\" data-e-type=\"widget\" data-widget_type=\"image.default\">\n\t\t\t\t<div class=\"elementor-widget-container\">\n\t\t\t\t\t\t\t\t\t\t\t\t\t\t\t<img loading=\"lazy\" decoding=\"async\" width=\"800\" height=\"400\" src=\"https:\/\/projetos.f3fabioramos.com.br\/news\/wp-content\/uploads\/2025\/04\/cerebromaquina-1024x512.webp\" class=\"attachment-large size-large wp-image-2415\" alt=\"\" srcset=\"https:\/\/projetos.f3fabioramos.com.br\/news\/wp-content\/uploads\/2025\/04\/cerebromaquina-1024x512.webp 1024w, https:\/\/projetos.f3fabioramos.com.br\/news\/wp-content\/uploads\/2025\/04\/cerebromaquina-300x150.webp 300w, https:\/\/projetos.f3fabioramos.com.br\/news\/wp-content\/uploads\/2025\/04\/cerebromaquina-768x384.webp 768w, https:\/\/projetos.f3fabioramos.com.br\/news\/wp-content\/uploads\/2025\/04\/cerebromaquina.webp 1200w\" sizes=\"(max-width: 800px) 100vw, 800px\" \/>\t\t\t\t\t\t\t\t\t\t\t\t\t\t\t<\/div>\n\t\t\t\t<\/div>\n\t\t\t\t<\/div>\n\t\t<div class=\"elementor-element elementor-element-827b027 e-con-full e-flex e-con e-child\" data-id=\"827b027\" data-element_type=\"container\" data-e-type=\"container\">\n\t\t\t\t<div class=\"elementor-element elementor-element-d6864fd elementor-widget elementor-widget-button\" data-id=\"d6864fd\" data-element_type=\"widget\" data-e-type=\"widget\" data-widget_type=\"button.default\">\n\t\t\t\t<div class=\"elementor-widget-container\">\n\t\t\t\t\t\t\t\t\t<div class=\"elementor-button-wrapper\">\n\t\t\t\t\t<a class=\"elementor-button elementor-size-sm\" role=\"button\">\n\t\t\t\t\t\t<span class=\"elementor-button-content-wrapper\">\n\t\t\t\t\t\t\t\t\t<span class=\"elementor-button-text\">Tecnologia<\/span>\n\t\t\t\t\t<\/span>\n\t\t\t\t\t<\/a>\n\t\t\t\t<\/div>\n\t\t\t\t\t\t\t\t<\/div>\n\t\t\t\t<\/div>\n\t\t\t\t<div class=\"elementor-element elementor-element-4c445f3 elementor-widget elementor-widget-heading\" data-id=\"4c445f3\" data-element_type=\"widget\" data-e-type=\"widget\" data-widget_type=\"heading.default\">\n\t\t\t\t<div class=\"elementor-widget-container\">\n\t\t\t\t\t<h2 class=\"elementor-heading-title elementor-size-default\"><a href=\"https:\/\/projetos.f3fabioramos.com.br\/news\/cientistas-brasileiros-criam-interface-cerebro-maquina-vestivel-e-nao-invasiva\/\">Cientistas Brasileiros Criam Interface C\u00e9rebro-M\u00e1quina Vest\u00edvel e N\u00e3o Invasiva<\/a><\/h2>\t\t\t\t<\/div>\n\t\t\t\t<\/div>\n\t\t\t\t<\/div>\n\t\t\t\t\t<\/div>\n\t\t\t\t<\/div>\n\t\t\t\t<\/div>\n\t\t<a href=\"https:\/\/projetos.f3fabioramos.com.br\/news\/cientistas-brasileiros-criam-interface-cerebro-maquina-vestivel-e-nao-invasiva\/\" class=\"jet-engine-listing-overlay-link\"><\/a><\/div><\/div><div class=\"jet-listing-grid__item jet-listing-dynamic-post-2632\" data-post-id=\"2632\" ><style type=\"text\/css\">.jet-listing-dynamic-post-2632 .elementor-element.elementor-element-d6864fd .elementor-button{background-color:rgb(27,30,209);}<\/style><div class=\"jet-engine-listing-overlay-wrap\" data-url=\"https:\/\/projetos.f3fabioramos.com.br\/news\/ponte-mais-alta-do-mundo-na-china-inaugura-em-meio-a-controversias-e-dividas-milionarias\/\">\t\t<div data-elementor-type=\"jet-listing-items\" data-elementor-id=\"263\" class=\"elementor elementor-263\" data-elementor-post-type=\"jet-engine\">\n\t\t\t\t<div class=\"elementor-element elementor-element-8d69352 e-flex e-con-boxed elementor-invisible e-con e-parent\" data-id=\"8d69352\" data-element_type=\"container\" data-e-type=\"container\" data-settings=\"{&quot;animation&quot;:&quot;fadeIn&quot;}\">\n\t\t\t\t\t<div class=\"e-con-inner\">\n\t\t<div class=\"elementor-element elementor-element-8579b02 e-con-full e-flex e-con e-child\" data-id=\"8579b02\" data-element_type=\"container\" data-e-type=\"container\">\n\t\t\t\t<div class=\"elementor-element elementor-element-2c9e62a elementor-widget elementor-widget-image\" data-id=\"2c9e62a\" data-element_type=\"widget\" data-e-type=\"widget\" data-widget_type=\"image.default\">\n\t\t\t\t<div class=\"elementor-widget-container\">\n\t\t\t\t\t\t\t\t\t\t\t\t\t\t\t<img loading=\"lazy\" decoding=\"async\" width=\"800\" height=\"400\" src=\"https:\/\/projetos.f3fabioramos.com.br\/news\/wp-content\/uploads\/2025\/10\/ponte-1024x512.webp\" class=\"attachment-large size-large wp-image-2633\" alt=\"\" srcset=\"https:\/\/projetos.f3fabioramos.com.br\/news\/wp-content\/uploads\/2025\/10\/ponte-1024x512.webp 1024w, https:\/\/projetos.f3fabioramos.com.br\/news\/wp-content\/uploads\/2025\/10\/ponte-300x150.webp 300w, https:\/\/projetos.f3fabioramos.com.br\/news\/wp-content\/uploads\/2025\/10\/ponte-768x384.webp 768w, https:\/\/projetos.f3fabioramos.com.br\/news\/wp-content\/uploads\/2025\/10\/ponte.webp 1200w\" sizes=\"(max-width: 800px) 100vw, 800px\" \/>\t\t\t\t\t\t\t\t\t\t\t\t\t\t\t<\/div>\n\t\t\t\t<\/div>\n\t\t\t\t<\/div>\n\t\t<div class=\"elementor-element elementor-element-827b027 e-con-full e-flex e-con e-child\" data-id=\"827b027\" data-element_type=\"container\" data-e-type=\"container\">\n\t\t\t\t<div class=\"elementor-element elementor-element-d6864fd elementor-widget elementor-widget-button\" data-id=\"d6864fd\" data-element_type=\"widget\" data-e-type=\"widget\" data-widget_type=\"button.default\">\n\t\t\t\t<div class=\"elementor-widget-container\">\n\t\t\t\t\t\t\t\t\t<div class=\"elementor-button-wrapper\">\n\t\t\t\t\t<a class=\"elementor-button elementor-size-sm\" role=\"button\">\n\t\t\t\t\t\t<span class=\"elementor-button-content-wrapper\">\n\t\t\t\t\t\t\t\t\t<span class=\"elementor-button-text\">Tecnologia<\/span>\n\t\t\t\t\t<\/span>\n\t\t\t\t\t<\/a>\n\t\t\t\t<\/div>\n\t\t\t\t\t\t\t\t<\/div>\n\t\t\t\t<\/div>\n\t\t\t\t<div class=\"elementor-element elementor-element-4c445f3 elementor-widget elementor-widget-heading\" data-id=\"4c445f3\" data-element_type=\"widget\" data-e-type=\"widget\" data-widget_type=\"heading.default\">\n\t\t\t\t<div class=\"elementor-widget-container\">\n\t\t\t\t\t<h2 class=\"elementor-heading-title elementor-size-default\"><a href=\"https:\/\/projetos.f3fabioramos.com.br\/news\/ponte-mais-alta-do-mundo-na-china-inaugura-em-meio-a-controversias-e-dividas-milionarias\/\">Ponte Mais Alta do Mundo na China Inaugura em Meio a Controv\u00e9rsias e D\u00edvidas Milion\u00e1rias<\/a><\/h2>\t\t\t\t<\/div>\n\t\t\t\t<\/div>\n\t\t\t\t<\/div>\n\t\t\t\t\t<\/div>\n\t\t\t\t<\/div>\n\t\t\t\t<\/div>\n\t\t<a href=\"https:\/\/projetos.f3fabioramos.com.br\/news\/ponte-mais-alta-do-mundo-na-china-inaugura-em-meio-a-controversias-e-dividas-milionarias\/\" class=\"jet-engine-listing-overlay-link\"><\/a><\/div><\/div><div class=\"jet-listing-grid__item jet-listing-dynamic-post-357\" data-post-id=\"357\" ><style type=\"text\/css\">.jet-listing-dynamic-post-357 .elementor-element.elementor-element-d6864fd .elementor-button{background-color:rgb(27,30,209);}<\/style><div class=\"jet-engine-listing-overlay-wrap\" data-url=\"https:\/\/projetos.f3fabioramos.com.br\/news\/google-lanca-primeiro-smartphone-com-ia-totalmente-integrada\/\">\t\t<div data-elementor-type=\"jet-listing-items\" data-elementor-id=\"263\" class=\"elementor elementor-263\" data-elementor-post-type=\"jet-engine\">\n\t\t\t\t<div class=\"elementor-element elementor-element-8d69352 e-flex e-con-boxed elementor-invisible e-con e-parent\" data-id=\"8d69352\" data-element_type=\"container\" data-e-type=\"container\" data-settings=\"{&quot;animation&quot;:&quot;fadeIn&quot;}\">\n\t\t\t\t\t<div class=\"e-con-inner\">\n\t\t<div class=\"elementor-element elementor-element-8579b02 e-con-full e-flex e-con e-child\" data-id=\"8579b02\" data-element_type=\"container\" data-e-type=\"container\">\n\t\t\t\t<div class=\"elementor-element elementor-element-2c9e62a elementor-widget elementor-widget-image\" data-id=\"2c9e62a\" data-element_type=\"widget\" data-e-type=\"widget\" data-widget_type=\"image.default\">\n\t\t\t\t<div class=\"elementor-widget-container\">\n\t\t\t\t\t\t\t\t\t\t\t\t\t\t\t<img loading=\"lazy\" decoding=\"async\" width=\"800\" height=\"400\" src=\"https:\/\/projetos.f3fabioramos.com.br\/news\/wp-content\/uploads\/2024\/09\/smartphone-1024x512.webp\" class=\"attachment-large size-large wp-image-351\" alt=\"\" srcset=\"https:\/\/projetos.f3fabioramos.com.br\/news\/wp-content\/uploads\/2024\/09\/smartphone-1024x512.webp 1024w, https:\/\/projetos.f3fabioramos.com.br\/news\/wp-content\/uploads\/2024\/09\/smartphone-300x150.webp 300w, https:\/\/projetos.f3fabioramos.com.br\/news\/wp-content\/uploads\/2024\/09\/smartphone-768x384.webp 768w, https:\/\/projetos.f3fabioramos.com.br\/news\/wp-content\/uploads\/2024\/09\/smartphone.webp 1200w\" sizes=\"(max-width: 800px) 100vw, 800px\" \/>\t\t\t\t\t\t\t\t\t\t\t\t\t\t\t<\/div>\n\t\t\t\t<\/div>\n\t\t\t\t<\/div>\n\t\t<div class=\"elementor-element elementor-element-827b027 e-con-full e-flex e-con e-child\" data-id=\"827b027\" data-element_type=\"container\" data-e-type=\"container\">\n\t\t\t\t<div class=\"elementor-element elementor-element-d6864fd elementor-widget elementor-widget-button\" data-id=\"d6864fd\" data-element_type=\"widget\" data-e-type=\"widget\" data-widget_type=\"button.default\">\n\t\t\t\t<div class=\"elementor-widget-container\">\n\t\t\t\t\t\t\t\t\t<div class=\"elementor-button-wrapper\">\n\t\t\t\t\t<a class=\"elementor-button elementor-size-sm\" role=\"button\">\n\t\t\t\t\t\t<span class=\"elementor-button-content-wrapper\">\n\t\t\t\t\t\t\t\t\t<span class=\"elementor-button-text\">Tecnologia<\/span>\n\t\t\t\t\t<\/span>\n\t\t\t\t\t<\/a>\n\t\t\t\t<\/div>\n\t\t\t\t\t\t\t\t<\/div>\n\t\t\t\t<\/div>\n\t\t\t\t<div class=\"elementor-element elementor-element-4c445f3 elementor-widget elementor-widget-heading\" data-id=\"4c445f3\" data-element_type=\"widget\" data-e-type=\"widget\" data-widget_type=\"heading.default\">\n\t\t\t\t<div class=\"elementor-widget-container\">\n\t\t\t\t\t<h2 class=\"elementor-heading-title elementor-size-default\"><a href=\"https:\/\/projetos.f3fabioramos.com.br\/news\/google-lanca-primeiro-smartphone-com-ia-totalmente-integrada\/\">19 &#8211; Google lan\u00e7a primeiro smartphone com IA totalmente integrada<\/a><\/h2>\t\t\t\t<\/div>\n\t\t\t\t<\/div>\n\t\t\t\t<\/div>\n\t\t\t\t\t<\/div>\n\t\t\t\t<\/div>\n\t\t\t\t<\/div>\n\t\t<a href=\"https:\/\/projetos.f3fabioramos.com.br\/news\/google-lanca-primeiro-smartphone-com-ia-totalmente-integrada\/\" class=\"jet-engine-listing-overlay-link\"><\/a><\/div><\/div><\/div><\/div>\t\t\t\t<\/div>\n\t\t\t\t<\/div>\n\t\t\t\t\t<\/div>\n\t\t\t\t<\/div>\n\t\t\t\t<\/div>\n\t\t<\/div><div id=\"jet-tabs-content-2172\" class=\"jet-tabs__content \" data-tab=\"2\" role=\"tabpanel\" aria-hidden=\"true\" data-template-id=\"262\">\t\t<div data-elementor-type=\"section\" data-elementor-id=\"262\" class=\"elementor elementor-262\" data-elementor-post-type=\"elementor_library\">\n\t\t\t<div class=\"elementor-element elementor-element-373ef82 e-flex e-con-boxed e-con e-parent\" data-id=\"373ef82\" data-element_type=\"container\" data-e-type=\"container\">\n\t\t\t\t\t<div class=\"e-con-inner\">\n\t\t\t\t<div class=\"elementor-element elementor-element-c3a1b30 elementor-widget elementor-widget-jet-listing-grid\" data-id=\"c3a1b30\" data-element_type=\"widget\" data-e-type=\"widget\" data-settings=\"{&quot;columns&quot;:&quot;1&quot;}\" data-widget_type=\"jet-listing-grid.default\">\n\t\t\t\t<div class=\"elementor-widget-container\">\n\t\t\t\t\t<div class=\"jet-listing-grid jet-listing\"><div class=\"jet-listing-grid__items grid-col-desk-1 grid-col-tablet-1 grid-col-mobile-1 jet-listing-grid--263\"  data-nav=\"{&quot;enabled&quot;:false,&quot;type&quot;:null,&quot;more_el&quot;:null,&quot;query&quot;:[],&quot;widget_settings&quot;:{&quot;lisitng_id&quot;:263,&quot;posts_num&quot;:4,&quot;columns&quot;:1,&quot;columns_tablet&quot;:1,&quot;columns_mobile&quot;:1,&quot;is_archive_template&quot;:&quot;&quot;,&quot;post_status&quot;:[&quot;publish&quot;],&quot;use_random_posts_num&quot;:&quot;&quot;,&quot;max_posts_num&quot;:9,&quot;not_found_message&quot;:&quot;No data was found&quot;,&quot;is_masonry&quot;:false,&quot;equal_columns_height&quot;:&quot;&quot;,&quot;use_load_more&quot;:&quot;&quot;,&quot;load_more_id&quot;:&quot;&quot;,&quot;load_more_type&quot;:&quot;click&quot;,&quot;load_more_offset&quot;:{&quot;unit&quot;:&quot;px&quot;,&quot;size&quot;:0,&quot;sizes&quot;:[]},&quot;use_custom_post_types&quot;:&quot;&quot;,&quot;custom_post_types&quot;:[],&quot;hide_widget_if&quot;:&quot;&quot;,&quot;carousel_enabled&quot;:&quot;&quot;,&quot;slides_to_scroll&quot;:&quot;1&quot;,&quot;arrows&quot;:&quot;true&quot;,&quot;arrow_icon&quot;:&quot;fa fa-angle-left&quot;,&quot;dots&quot;:&quot;&quot;,&quot;autoplay&quot;:&quot;true&quot;,&quot;autoplay_speed&quot;:5000,&quot;infinite&quot;:&quot;true&quot;,&quot;center_mode&quot;:&quot;&quot;,&quot;effect&quot;:&quot;slide&quot;,&quot;speed&quot;:500,&quot;inject_alternative_items&quot;:&quot;&quot;,&quot;injection_items&quot;:[],&quot;scroll_slider_enabled&quot;:&quot;&quot;,&quot;scroll_slider_on&quot;:[&quot;desktop&quot;,&quot;tablet&quot;,&quot;mobile&quot;],&quot;custom_query&quot;:false,&quot;custom_query_id&quot;:&quot;&quot;,&quot;_element_id&quot;:&quot;&quot;}}\" data-page=\"1\" data-pages=\"15\" data-listing-source=\"posts\" data-listing-id=\"263\" data-query-id=\"\"><div class=\"jet-listing-grid__item jet-listing-dynamic-post-2704\" data-post-id=\"2704\" ><style type=\"text\/css\">.jet-listing-dynamic-post-2704 .elementor-element.elementor-element-d6864fd .elementor-button{background-color:rgb(27,30,209);}<\/style><div class=\"jet-engine-listing-overlay-wrap\" data-url=\"https:\/\/projetos.f3fabioramos.com.br\/news\/deepfakes-do-alem-tecnologia-de-ia-traz-pessoas-mortas-de-volta-mas-levanta-dilemas-eticos-sobre-legado-e-memoria\/\">\t\t<div data-elementor-type=\"jet-listing-items\" data-elementor-id=\"263\" class=\"elementor elementor-263\" data-elementor-post-type=\"jet-engine\">\n\t\t\t\t<div class=\"elementor-element elementor-element-8d69352 e-flex e-con-boxed elementor-invisible e-con e-parent\" data-id=\"8d69352\" data-element_type=\"container\" data-e-type=\"container\" data-settings=\"{&quot;animation&quot;:&quot;fadeIn&quot;}\">\n\t\t\t\t\t<div class=\"e-con-inner\">\n\t\t<div class=\"elementor-element elementor-element-8579b02 e-con-full e-flex e-con e-child\" data-id=\"8579b02\" data-element_type=\"container\" data-e-type=\"container\">\n\t\t\t\t<div class=\"elementor-element elementor-element-2c9e62a elementor-widget elementor-widget-image\" data-id=\"2c9e62a\" data-element_type=\"widget\" data-e-type=\"widget\" data-widget_type=\"image.default\">\n\t\t\t\t<div class=\"elementor-widget-container\">\n\t\t\t\t\t\t\t\t\t\t\t\t\t\t\t<img loading=\"lazy\" decoding=\"async\" width=\"800\" height=\"400\" src=\"https:\/\/projetos.f3fabioramos.com.br\/news\/wp-content\/uploads\/2025\/10\/InteligenciaArtificial-1024x512.webp\" class=\"attachment-large size-large wp-image-2705\" alt=\"Tecnologia de IA Traz Pessoas Mortas de Volta, Mas Levanta Dilemas \u00c9ticos sobre Legado e Mem\u00f3ria\" srcset=\"https:\/\/projetos.f3fabioramos.com.br\/news\/wp-content\/uploads\/2025\/10\/InteligenciaArtificial-1024x512.webp 1024w, https:\/\/projetos.f3fabioramos.com.br\/news\/wp-content\/uploads\/2025\/10\/InteligenciaArtificial-300x150.webp 300w, https:\/\/projetos.f3fabioramos.com.br\/news\/wp-content\/uploads\/2025\/10\/InteligenciaArtificial-768x384.webp 768w, https:\/\/projetos.f3fabioramos.com.br\/news\/wp-content\/uploads\/2025\/10\/InteligenciaArtificial.webp 1200w\" sizes=\"(max-width: 800px) 100vw, 800px\" \/>\t\t\t\t\t\t\t\t\t\t\t\t\t\t\t<\/div>\n\t\t\t\t<\/div>\n\t\t\t\t<\/div>\n\t\t<div class=\"elementor-element elementor-element-827b027 e-con-full e-flex e-con e-child\" data-id=\"827b027\" data-element_type=\"container\" data-e-type=\"container\">\n\t\t\t\t<div class=\"elementor-element elementor-element-d6864fd elementor-widget elementor-widget-button\" data-id=\"d6864fd\" data-element_type=\"widget\" data-e-type=\"widget\" data-widget_type=\"button.default\">\n\t\t\t\t<div class=\"elementor-widget-container\">\n\t\t\t\t\t\t\t\t\t<div class=\"elementor-button-wrapper\">\n\t\t\t\t\t<a class=\"elementor-button elementor-size-sm\" role=\"button\">\n\t\t\t\t\t\t<span class=\"elementor-button-content-wrapper\">\n\t\t\t\t\t\t\t\t\t<span class=\"elementor-button-text\">Tecnologia<\/span>\n\t\t\t\t\t<\/span>\n\t\t\t\t\t<\/a>\n\t\t\t\t<\/div>\n\t\t\t\t\t\t\t\t<\/div>\n\t\t\t\t<\/div>\n\t\t\t\t<div class=\"elementor-element elementor-element-4c445f3 elementor-widget elementor-widget-heading\" data-id=\"4c445f3\" data-element_type=\"widget\" data-e-type=\"widget\" data-widget_type=\"heading.default\">\n\t\t\t\t<div class=\"elementor-widget-container\">\n\t\t\t\t\t<h2 class=\"elementor-heading-title elementor-size-default\"><a href=\"https:\/\/projetos.f3fabioramos.com.br\/news\/deepfakes-do-alem-tecnologia-de-ia-traz-pessoas-mortas-de-volta-mas-levanta-dilemas-eticos-sobre-legado-e-memoria\/\">&#8220;Deepfakes do Al\u00e9m&#8221;: Tecnologia de IA Traz Pessoas Mortas de Volta, Mas Levanta Dilemas \u00c9ticos sobre Legado e Mem\u00f3ria<\/a><\/h2>\t\t\t\t<\/div>\n\t\t\t\t<\/div>\n\t\t\t\t<\/div>\n\t\t\t\t\t<\/div>\n\t\t\t\t<\/div>\n\t\t\t\t<\/div>\n\t\t<a href=\"https:\/\/projetos.f3fabioramos.com.br\/news\/deepfakes-do-alem-tecnologia-de-ia-traz-pessoas-mortas-de-volta-mas-levanta-dilemas-eticos-sobre-legado-e-memoria\/\" class=\"jet-engine-listing-overlay-link\"><\/a><\/div><\/div><div class=\"jet-listing-grid__item jet-listing-dynamic-post-2700\" data-post-id=\"2700\" ><style type=\"text\/css\">.jet-listing-dynamic-post-2700 .elementor-element.elementor-element-d6864fd .elementor-button{background-color:rgb(52,168,61);}<\/style><div class=\"jet-engine-listing-overlay-wrap\" data-url=\"https:\/\/projetos.f3fabioramos.com.br\/news\/serie-c-definidos-os-finalistas-e-os-quatro-acessos-a-serie-b-2026\/\">\t\t<div data-elementor-type=\"jet-listing-items\" data-elementor-id=\"263\" class=\"elementor elementor-263\" data-elementor-post-type=\"jet-engine\">\n\t\t\t\t<div class=\"elementor-element elementor-element-8d69352 e-flex e-con-boxed elementor-invisible e-con e-parent\" data-id=\"8d69352\" data-element_type=\"container\" data-e-type=\"container\" data-settings=\"{&quot;animation&quot;:&quot;fadeIn&quot;}\">\n\t\t\t\t\t<div class=\"e-con-inner\">\n\t\t<div class=\"elementor-element elementor-element-8579b02 e-con-full e-flex e-con e-child\" data-id=\"8579b02\" data-element_type=\"container\" data-e-type=\"container\">\n\t\t\t\t<div class=\"elementor-element elementor-element-2c9e62a elementor-widget elementor-widget-image\" data-id=\"2c9e62a\" data-element_type=\"widget\" data-e-type=\"widget\" data-widget_type=\"image.default\">\n\t\t\t\t<div class=\"elementor-widget-container\">\n\t\t\t\t\t\t\t\t\t\t\t\t\t\t\t<img fetchpriority=\"high\" decoding=\"async\" width=\"800\" height=\"400\" src=\"https:\/\/projetos.f3fabioramos.com.br\/news\/wp-content\/uploads\/2025\/10\/futebolb-1024x512.webp\" class=\"attachment-large size-large wp-image-2701\" alt=\"Definidos os Finalistas e os Quatro Acessos \u00e0 S\u00e9rie B 2026\" srcset=\"https:\/\/projetos.f3fabioramos.com.br\/news\/wp-content\/uploads\/2025\/10\/futebolb-1024x512.webp 1024w, https:\/\/projetos.f3fabioramos.com.br\/news\/wp-content\/uploads\/2025\/10\/futebolb-300x150.webp 300w, https:\/\/projetos.f3fabioramos.com.br\/news\/wp-content\/uploads\/2025\/10\/futebolb-768x384.webp 768w, https:\/\/projetos.f3fabioramos.com.br\/news\/wp-content\/uploads\/2025\/10\/futebolb.webp 1200w\" sizes=\"(max-width: 800px) 100vw, 800px\" \/>\t\t\t\t\t\t\t\t\t\t\t\t\t\t\t<\/div>\n\t\t\t\t<\/div>\n\t\t\t\t<\/div>\n\t\t<div class=\"elementor-element elementor-element-827b027 e-con-full e-flex e-con e-child\" data-id=\"827b027\" data-element_type=\"container\" data-e-type=\"container\">\n\t\t\t\t<div class=\"elementor-element elementor-element-d6864fd elementor-widget elementor-widget-button\" data-id=\"d6864fd\" data-element_type=\"widget\" data-e-type=\"widget\" data-widget_type=\"button.default\">\n\t\t\t\t<div class=\"elementor-widget-container\">\n\t\t\t\t\t\t\t\t\t<div class=\"elementor-button-wrapper\">\n\t\t\t\t\t<a class=\"elementor-button elementor-size-sm\" role=\"button\">\n\t\t\t\t\t\t<span class=\"elementor-button-content-wrapper\">\n\t\t\t\t\t\t\t\t\t<span class=\"elementor-button-text\">Esporte<\/span>\n\t\t\t\t\t<\/span>\n\t\t\t\t\t<\/a>\n\t\t\t\t<\/div>\n\t\t\t\t\t\t\t\t<\/div>\n\t\t\t\t<\/div>\n\t\t\t\t<div class=\"elementor-element elementor-element-4c445f3 elementor-widget elementor-widget-heading\" data-id=\"4c445f3\" data-element_type=\"widget\" data-e-type=\"widget\" data-widget_type=\"heading.default\">\n\t\t\t\t<div class=\"elementor-widget-container\">\n\t\t\t\t\t<h2 class=\"elementor-heading-title elementor-size-default\"><a href=\"https:\/\/projetos.f3fabioramos.com.br\/news\/serie-c-definidos-os-finalistas-e-os-quatro-acessos-a-serie-b-2026\/\">S\u00e9rie C: Definidos os Finalistas e os Quatro Acessos \u00e0 S\u00e9rie B 2026<\/a><\/h2>\t\t\t\t<\/div>\n\t\t\t\t<\/div>\n\t\t\t\t<\/div>\n\t\t\t\t\t<\/div>\n\t\t\t\t<\/div>\n\t\t\t\t<\/div>\n\t\t<a href=\"https:\/\/projetos.f3fabioramos.com.br\/news\/serie-c-definidos-os-finalistas-e-os-quatro-acessos-a-serie-b-2026\/\" class=\"jet-engine-listing-overlay-link\"><\/a><\/div><\/div><div class=\"jet-listing-grid__item jet-listing-dynamic-post-2697\" data-post-id=\"2697\" ><style type=\"text\/css\">.jet-listing-dynamic-post-2697 .elementor-element.elementor-element-d6864fd .elementor-button{background-color:rgb(0,0,0);}<\/style><div class=\"jet-engine-listing-overlay-wrap\" data-url=\"https:\/\/projetos.f3fabioramos.com.br\/news\/alerta-na-europa-numero-de-especies-de-abelhas-selvagens-em-risco-de-extincao-dobra-em-dez-anos\/\">\t\t<div data-elementor-type=\"jet-listing-items\" data-elementor-id=\"263\" class=\"elementor elementor-263\" data-elementor-post-type=\"jet-engine\">\n\t\t\t\t<div class=\"elementor-element elementor-element-8d69352 e-flex e-con-boxed elementor-invisible e-con e-parent\" data-id=\"8d69352\" data-element_type=\"container\" data-e-type=\"container\" data-settings=\"{&quot;animation&quot;:&quot;fadeIn&quot;}\">\n\t\t\t\t\t<div class=\"e-con-inner\">\n\t\t<div class=\"elementor-element elementor-element-8579b02 e-con-full e-flex e-con e-child\" data-id=\"8579b02\" data-element_type=\"container\" data-e-type=\"container\">\n\t\t\t\t<div class=\"elementor-element elementor-element-2c9e62a elementor-widget elementor-widget-image\" data-id=\"2c9e62a\" data-element_type=\"widget\" data-e-type=\"widget\" data-widget_type=\"image.default\">\n\t\t\t\t<div class=\"elementor-widget-container\">\n\t\t\t\t\t\t\t\t\t\t\t\t\t\t\t<img decoding=\"async\" width=\"800\" height=\"400\" src=\"https:\/\/projetos.f3fabioramos.com.br\/news\/wp-content\/uploads\/2025\/10\/abelhas-1024x512.webp\" class=\"attachment-large size-large wp-image-2698\" alt=\"N\u00famero de Esp\u00e9cies de Abelhas Selvagens em Risco de Extin\u00e7\u00e3o Dobra em Dez Anos\" srcset=\"https:\/\/projetos.f3fabioramos.com.br\/news\/wp-content\/uploads\/2025\/10\/abelhas-1024x512.webp 1024w, https:\/\/projetos.f3fabioramos.com.br\/news\/wp-content\/uploads\/2025\/10\/abelhas-300x150.webp 300w, https:\/\/projetos.f3fabioramos.com.br\/news\/wp-content\/uploads\/2025\/10\/abelhas-768x384.webp 768w, https:\/\/projetos.f3fabioramos.com.br\/news\/wp-content\/uploads\/2025\/10\/abelhas.webp 1200w\" sizes=\"(max-width: 800px) 100vw, 800px\" \/>\t\t\t\t\t\t\t\t\t\t\t\t\t\t\t<\/div>\n\t\t\t\t<\/div>\n\t\t\t\t<\/div>\n\t\t<div class=\"elementor-element elementor-element-827b027 e-con-full e-flex e-con e-child\" data-id=\"827b027\" data-element_type=\"container\" data-e-type=\"container\">\n\t\t\t\t<div class=\"elementor-element elementor-element-d6864fd elementor-widget elementor-widget-button\" data-id=\"d6864fd\" data-element_type=\"widget\" data-e-type=\"widget\" data-widget_type=\"button.default\">\n\t\t\t\t<div class=\"elementor-widget-container\">\n\t\t\t\t\t\t\t\t\t<div class=\"elementor-button-wrapper\">\n\t\t\t\t\t<a class=\"elementor-button elementor-size-sm\" role=\"button\">\n\t\t\t\t\t\t<span class=\"elementor-button-content-wrapper\">\n\t\t\t\t\t\t\t\t\t<span class=\"elementor-button-text\">Mundo<\/span>\n\t\t\t\t\t<\/span>\n\t\t\t\t\t<\/a>\n\t\t\t\t<\/div>\n\t\t\t\t\t\t\t\t<\/div>\n\t\t\t\t<\/div>\n\t\t\t\t<div class=\"elementor-element elementor-element-4c445f3 elementor-widget elementor-widget-heading\" data-id=\"4c445f3\" data-element_type=\"widget\" data-e-type=\"widget\" data-widget_type=\"heading.default\">\n\t\t\t\t<div class=\"elementor-widget-container\">\n\t\t\t\t\t<h2 class=\"elementor-heading-title elementor-size-default\"><a href=\"https:\/\/projetos.f3fabioramos.com.br\/news\/alerta-na-europa-numero-de-especies-de-abelhas-selvagens-em-risco-de-extincao-dobra-em-dez-anos\/\">Alerta na Europa: N\u00famero de Esp\u00e9cies de Abelhas Selvagens em Risco de Extin\u00e7\u00e3o Dobra em Dez Anos<\/a><\/h2>\t\t\t\t<\/div>\n\t\t\t\t<\/div>\n\t\t\t\t<\/div>\n\t\t\t\t\t<\/div>\n\t\t\t\t<\/div>\n\t\t\t\t<\/div>\n\t\t<a href=\"https:\/\/projetos.f3fabioramos.com.br\/news\/alerta-na-europa-numero-de-especies-de-abelhas-selvagens-em-risco-de-extincao-dobra-em-dez-anos\/\" class=\"jet-engine-listing-overlay-link\"><\/a><\/div><\/div><div class=\"jet-listing-grid__item jet-listing-dynamic-post-2694\" data-post-id=\"2694\" ><style type=\"text\/css\">.jet-listing-dynamic-post-2694 .elementor-element.elementor-element-d6864fd .elementor-button{background-color:rgb(0,0,0);}<\/style><div class=\"jet-engine-listing-overlay-wrap\" data-url=\"https:\/\/projetos.f3fabioramos.com.br\/news\/cessar-fogo-se-mantem-com-inicio-iminente-da-libertacao-de-refens-e-visita-de-trump\/\">\t\t<div data-elementor-type=\"jet-listing-items\" data-elementor-id=\"263\" class=\"elementor elementor-263\" data-elementor-post-type=\"jet-engine\">\n\t\t\t\t<div class=\"elementor-element elementor-element-8d69352 e-flex e-con-boxed elementor-invisible e-con e-parent\" data-id=\"8d69352\" data-element_type=\"container\" data-e-type=\"container\" data-settings=\"{&quot;animation&quot;:&quot;fadeIn&quot;}\">\n\t\t\t\t\t<div class=\"e-con-inner\">\n\t\t<div class=\"elementor-element elementor-element-8579b02 e-con-full e-flex e-con e-child\" data-id=\"8579b02\" data-element_type=\"container\" data-e-type=\"container\">\n\t\t\t\t<div class=\"elementor-element elementor-element-2c9e62a elementor-widget elementor-widget-image\" data-id=\"2c9e62a\" data-element_type=\"widget\" data-e-type=\"widget\" data-widget_type=\"image.default\">\n\t\t\t\t<div class=\"elementor-widget-container\">\n\t\t\t\t\t\t\t\t\t\t\t\t\t\t\t<img decoding=\"async\" width=\"800\" height=\"400\" src=\"https:\/\/projetos.f3fabioramos.com.br\/news\/wp-content\/uploads\/2025\/10\/Palestinos-1024x512.webp\" class=\"attachment-large size-large wp-image-2695\" alt=\"Palestinos recolhem suprimentos de ajuda de caminh\u00f5es que entraram em Gaza, em meio a um cessar-fogo entre Israel e o Hamas, em Khan Younis, no sul da Faixa de Gaza, em 12 de outubro de 2025. REUTERS\/Ramadan Abed\" srcset=\"https:\/\/projetos.f3fabioramos.com.br\/news\/wp-content\/uploads\/2025\/10\/Palestinos-1024x512.webp 1024w, https:\/\/projetos.f3fabioramos.com.br\/news\/wp-content\/uploads\/2025\/10\/Palestinos-300x150.webp 300w, https:\/\/projetos.f3fabioramos.com.br\/news\/wp-content\/uploads\/2025\/10\/Palestinos-768x384.webp 768w, https:\/\/projetos.f3fabioramos.com.br\/news\/wp-content\/uploads\/2025\/10\/Palestinos.webp 1200w\" sizes=\"(max-width: 800px) 100vw, 800px\" \/>\t\t\t\t\t\t\t\t\t\t\t\t\t\t\t<\/div>\n\t\t\t\t<\/div>\n\t\t\t\t<\/div>\n\t\t<div class=\"elementor-element elementor-element-827b027 e-con-full e-flex e-con e-child\" data-id=\"827b027\" data-element_type=\"container\" data-e-type=\"container\">\n\t\t\t\t<div class=\"elementor-element elementor-element-d6864fd elementor-widget elementor-widget-button\" data-id=\"d6864fd\" data-element_type=\"widget\" data-e-type=\"widget\" data-widget_type=\"button.default\">\n\t\t\t\t<div class=\"elementor-widget-container\">\n\t\t\t\t\t\t\t\t\t<div class=\"elementor-button-wrapper\">\n\t\t\t\t\t<a class=\"elementor-button elementor-size-sm\" role=\"button\">\n\t\t\t\t\t\t<span class=\"elementor-button-content-wrapper\">\n\t\t\t\t\t\t\t\t\t<span class=\"elementor-button-text\">Mundo<\/span>\n\t\t\t\t\t<\/span>\n\t\t\t\t\t<\/a>\n\t\t\t\t<\/div>\n\t\t\t\t\t\t\t\t<\/div>\n\t\t\t\t<\/div>\n\t\t\t\t<div class=\"elementor-element elementor-element-4c445f3 elementor-widget elementor-widget-heading\" data-id=\"4c445f3\" data-element_type=\"widget\" data-e-type=\"widget\" data-widget_type=\"heading.default\">\n\t\t\t\t<div class=\"elementor-widget-container\">\n\t\t\t\t\t<h2 class=\"elementor-heading-title elementor-size-default\"><a href=\"https:\/\/projetos.f3fabioramos.com.br\/news\/cessar-fogo-se-mantem-com-inicio-iminente-da-libertacao-de-refens-e-visita-de-trump\/\">Cessar-Fogo se Mant\u00e9m com In\u00edcio Iminente da Liberta\u00e7\u00e3o de Ref\u00e9ns e Visita de Trump<\/a><\/h2>\t\t\t\t<\/div>\n\t\t\t\t<\/div>\n\t\t\t\t<\/div>\n\t\t\t\t\t<\/div>\n\t\t\t\t<\/div>\n\t\t\t\t<\/div>\n\t\t<a href=\"https:\/\/projetos.f3fabioramos.com.br\/news\/cessar-fogo-se-mantem-com-inicio-iminente-da-libertacao-de-refens-e-visita-de-trump\/\" class=\"jet-engine-listing-overlay-link\"><\/a><\/div><\/div><\/div><\/div>\t\t\t\t<\/div>\n\t\t\t\t<\/div>\n\t\t\t\t\t<\/div>\n\t\t\t\t<\/div>\n\t\t\t\t<\/div>\n\t\t<\/div><div id=\"jet-tabs-content-2173\" class=\"jet-tabs__content \" data-tab=\"3\" role=\"tabpanel\" aria-hidden=\"true\" data-template-id=\"435\">\t\t<div data-elementor-type=\"section\" data-elementor-id=\"435\" class=\"elementor elementor-435\" data-elementor-post-type=\"elementor_library\">\n\t\t\t<div class=\"elementor-element elementor-element-6c5984d e-flex e-con-boxed e-con e-parent\" data-id=\"6c5984d\" data-element_type=\"container\" data-e-type=\"container\">\n\t\t\t\t\t<div class=\"e-con-inner\">\n\t\t\t\t<div class=\"elementor-element elementor-element-853e9b3 elementor-widget elementor-widget-jet-listing-grid\" data-id=\"853e9b3\" data-element_type=\"widget\" data-e-type=\"widget\" data-settings=\"{&quot;columns&quot;:&quot;1&quot;}\" data-widget_type=\"jet-listing-grid.default\">\n\t\t\t\t<div class=\"elementor-widget-container\">\n\t\t\t\t\t<div class=\"jet-listing-grid jet-listing\"><div class=\"jet-listing-grid__items grid-col-desk-1 grid-col-tablet-1 grid-col-mobile-1 jet-listing-grid--263\"  data-nav=\"{&quot;enabled&quot;:false,&quot;type&quot;:null,&quot;more_el&quot;:null,&quot;query&quot;:[],&quot;widget_settings&quot;:{&quot;lisitng_id&quot;:263,&quot;posts_num&quot;:4,&quot;columns&quot;:1,&quot;columns_tablet&quot;:1,&quot;columns_mobile&quot;:1,&quot;is_archive_template&quot;:&quot;&quot;,&quot;post_status&quot;:[&quot;publish&quot;],&quot;use_random_posts_num&quot;:&quot;&quot;,&quot;max_posts_num&quot;:9,&quot;not_found_message&quot;:&quot;No data was found&quot;,&quot;is_masonry&quot;:false,&quot;equal_columns_height&quot;:&quot;&quot;,&quot;use_load_more&quot;:&quot;&quot;,&quot;load_more_id&quot;:&quot;&quot;,&quot;load_more_type&quot;:&quot;click&quot;,&quot;load_more_offset&quot;:{&quot;unit&quot;:&quot;px&quot;,&quot;size&quot;:0,&quot;sizes&quot;:[]},&quot;use_custom_post_types&quot;:&quot;&quot;,&quot;custom_post_types&quot;:[],&quot;hide_widget_if&quot;:&quot;&quot;,&quot;carousel_enabled&quot;:&quot;&quot;,&quot;slides_to_scroll&quot;:&quot;1&quot;,&quot;arrows&quot;:&quot;true&quot;,&quot;arrow_icon&quot;:&quot;fa fa-angle-left&quot;,&quot;dots&quot;:&quot;&quot;,&quot;autoplay&quot;:&quot;true&quot;,&quot;autoplay_speed&quot;:5000,&quot;infinite&quot;:&quot;true&quot;,&quot;center_mode&quot;:&quot;&quot;,&quot;effect&quot;:&quot;slide&quot;,&quot;speed&quot;:500,&quot;inject_alternative_items&quot;:&quot;&quot;,&quot;injection_items&quot;:[],&quot;scroll_slider_enabled&quot;:&quot;&quot;,&quot;scroll_slider_on&quot;:[&quot;desktop&quot;,&quot;tablet&quot;,&quot;mobile&quot;],&quot;custom_query&quot;:false,&quot;custom_query_id&quot;:&quot;&quot;,&quot;_element_id&quot;:&quot;&quot;}}\" data-page=\"1\" data-pages=\"4\" data-listing-source=\"posts\" data-listing-id=\"263\" data-query-id=\"\"><div class=\"jet-listing-grid__item jet-listing-dynamic-post-2697\" data-post-id=\"2697\" ><div class=\"jet-engine-listing-overlay-wrap\" data-url=\"https:\/\/projetos.f3fabioramos.com.br\/news\/alerta-na-europa-numero-de-especies-de-abelhas-selvagens-em-risco-de-extincao-dobra-em-dez-anos\/\">\t\t<div data-elementor-type=\"jet-listing-items\" data-elementor-id=\"263\" class=\"elementor elementor-263\" data-elementor-post-type=\"jet-engine\">\n\t\t\t\t<div class=\"elementor-element elementor-element-8d69352 e-flex e-con-boxed elementor-invisible e-con e-parent\" data-id=\"8d69352\" data-element_type=\"container\" data-e-type=\"container\" data-settings=\"{&quot;animation&quot;:&quot;fadeIn&quot;}\">\n\t\t\t\t\t<div class=\"e-con-inner\">\n\t\t<div class=\"elementor-element elementor-element-8579b02 e-con-full e-flex e-con e-child\" data-id=\"8579b02\" data-element_type=\"container\" data-e-type=\"container\">\n\t\t\t\t<div class=\"elementor-element elementor-element-2c9e62a elementor-widget elementor-widget-image\" data-id=\"2c9e62a\" data-element_type=\"widget\" data-e-type=\"widget\" data-widget_type=\"image.default\">\n\t\t\t\t<div class=\"elementor-widget-container\">\n\t\t\t\t\t\t\t\t\t\t\t\t\t\t\t<img decoding=\"async\" width=\"800\" height=\"400\" src=\"https:\/\/projetos.f3fabioramos.com.br\/news\/wp-content\/uploads\/2025\/10\/abelhas-1024x512.webp\" class=\"attachment-large size-large wp-image-2698\" alt=\"N\u00famero de Esp\u00e9cies de Abelhas Selvagens em Risco de Extin\u00e7\u00e3o Dobra em Dez Anos\" srcset=\"https:\/\/projetos.f3fabioramos.com.br\/news\/wp-content\/uploads\/2025\/10\/abelhas-1024x512.webp 1024w, https:\/\/projetos.f3fabioramos.com.br\/news\/wp-content\/uploads\/2025\/10\/abelhas-300x150.webp 300w, https:\/\/projetos.f3fabioramos.com.br\/news\/wp-content\/uploads\/2025\/10\/abelhas-768x384.webp 768w, https:\/\/projetos.f3fabioramos.com.br\/news\/wp-content\/uploads\/2025\/10\/abelhas.webp 1200w\" sizes=\"(max-width: 800px) 100vw, 800px\" \/>\t\t\t\t\t\t\t\t\t\t\t\t\t\t\t<\/div>\n\t\t\t\t<\/div>\n\t\t\t\t<\/div>\n\t\t<div class=\"elementor-element elementor-element-827b027 e-con-full e-flex e-con e-child\" data-id=\"827b027\" data-element_type=\"container\" data-e-type=\"container\">\n\t\t\t\t<div class=\"elementor-element elementor-element-d6864fd elementor-widget elementor-widget-button\" data-id=\"d6864fd\" data-element_type=\"widget\" data-e-type=\"widget\" data-widget_type=\"button.default\">\n\t\t\t\t<div class=\"elementor-widget-container\">\n\t\t\t\t\t\t\t\t\t<div class=\"elementor-button-wrapper\">\n\t\t\t\t\t<a class=\"elementor-button elementor-size-sm\" role=\"button\">\n\t\t\t\t\t\t<span class=\"elementor-button-content-wrapper\">\n\t\t\t\t\t\t\t\t\t<span class=\"elementor-button-text\">Mundo<\/span>\n\t\t\t\t\t<\/span>\n\t\t\t\t\t<\/a>\n\t\t\t\t<\/div>\n\t\t\t\t\t\t\t\t<\/div>\n\t\t\t\t<\/div>\n\t\t\t\t<div class=\"elementor-element elementor-element-4c445f3 elementor-widget elementor-widget-heading\" data-id=\"4c445f3\" data-element_type=\"widget\" data-e-type=\"widget\" data-widget_type=\"heading.default\">\n\t\t\t\t<div class=\"elementor-widget-container\">\n\t\t\t\t\t<h2 class=\"elementor-heading-title elementor-size-default\"><a href=\"https:\/\/projetos.f3fabioramos.com.br\/news\/alerta-na-europa-numero-de-especies-de-abelhas-selvagens-em-risco-de-extincao-dobra-em-dez-anos\/\">Alerta na Europa: N\u00famero de Esp\u00e9cies de Abelhas Selvagens em Risco de Extin\u00e7\u00e3o Dobra em Dez Anos<\/a><\/h2>\t\t\t\t<\/div>\n\t\t\t\t<\/div>\n\t\t\t\t<\/div>\n\t\t\t\t\t<\/div>\n\t\t\t\t<\/div>\n\t\t\t\t<\/div>\n\t\t<a href=\"https:\/\/projetos.f3fabioramos.com.br\/news\/alerta-na-europa-numero-de-especies-de-abelhas-selvagens-em-risco-de-extincao-dobra-em-dez-anos\/\" class=\"jet-engine-listing-overlay-link\"><\/a><\/div><\/div><div class=\"jet-listing-grid__item jet-listing-dynamic-post-2694\" data-post-id=\"2694\" ><div class=\"jet-engine-listing-overlay-wrap\" data-url=\"https:\/\/projetos.f3fabioramos.com.br\/news\/cessar-fogo-se-mantem-com-inicio-iminente-da-libertacao-de-refens-e-visita-de-trump\/\">\t\t<div data-elementor-type=\"jet-listing-items\" data-elementor-id=\"263\" class=\"elementor elementor-263\" data-elementor-post-type=\"jet-engine\">\n\t\t\t\t<div class=\"elementor-element elementor-element-8d69352 e-flex e-con-boxed elementor-invisible e-con e-parent\" data-id=\"8d69352\" data-element_type=\"container\" data-e-type=\"container\" data-settings=\"{&quot;animation&quot;:&quot;fadeIn&quot;}\">\n\t\t\t\t\t<div class=\"e-con-inner\">\n\t\t<div class=\"elementor-element elementor-element-8579b02 e-con-full e-flex e-con e-child\" data-id=\"8579b02\" data-element_type=\"container\" data-e-type=\"container\">\n\t\t\t\t<div class=\"elementor-element elementor-element-2c9e62a elementor-widget elementor-widget-image\" data-id=\"2c9e62a\" data-element_type=\"widget\" data-e-type=\"widget\" data-widget_type=\"image.default\">\n\t\t\t\t<div class=\"elementor-widget-container\">\n\t\t\t\t\t\t\t\t\t\t\t\t\t\t\t<img decoding=\"async\" width=\"800\" height=\"400\" src=\"https:\/\/projetos.f3fabioramos.com.br\/news\/wp-content\/uploads\/2025\/10\/Palestinos-1024x512.webp\" class=\"attachment-large size-large wp-image-2695\" alt=\"Palestinos recolhem suprimentos de ajuda de caminh\u00f5es que entraram em Gaza, em meio a um cessar-fogo entre Israel e o Hamas, em Khan Younis, no sul da Faixa de Gaza, em 12 de outubro de 2025. REUTERS\/Ramadan Abed\" srcset=\"https:\/\/projetos.f3fabioramos.com.br\/news\/wp-content\/uploads\/2025\/10\/Palestinos-1024x512.webp 1024w, https:\/\/projetos.f3fabioramos.com.br\/news\/wp-content\/uploads\/2025\/10\/Palestinos-300x150.webp 300w, https:\/\/projetos.f3fabioramos.com.br\/news\/wp-content\/uploads\/2025\/10\/Palestinos-768x384.webp 768w, https:\/\/projetos.f3fabioramos.com.br\/news\/wp-content\/uploads\/2025\/10\/Palestinos.webp 1200w\" sizes=\"(max-width: 800px) 100vw, 800px\" \/>\t\t\t\t\t\t\t\t\t\t\t\t\t\t\t<\/div>\n\t\t\t\t<\/div>\n\t\t\t\t<\/div>\n\t\t<div class=\"elementor-element elementor-element-827b027 e-con-full e-flex e-con e-child\" data-id=\"827b027\" data-element_type=\"container\" data-e-type=\"container\">\n\t\t\t\t<div class=\"elementor-element elementor-element-d6864fd elementor-widget elementor-widget-button\" data-id=\"d6864fd\" data-element_type=\"widget\" data-e-type=\"widget\" data-widget_type=\"button.default\">\n\t\t\t\t<div class=\"elementor-widget-container\">\n\t\t\t\t\t\t\t\t\t<div class=\"elementor-button-wrapper\">\n\t\t\t\t\t<a class=\"elementor-button elementor-size-sm\" role=\"button\">\n\t\t\t\t\t\t<span class=\"elementor-button-content-wrapper\">\n\t\t\t\t\t\t\t\t\t<span class=\"elementor-button-text\">Mundo<\/span>\n\t\t\t\t\t<\/span>\n\t\t\t\t\t<\/a>\n\t\t\t\t<\/div>\n\t\t\t\t\t\t\t\t<\/div>\n\t\t\t\t<\/div>\n\t\t\t\t<div class=\"elementor-element elementor-element-4c445f3 elementor-widget elementor-widget-heading\" data-id=\"4c445f3\" data-element_type=\"widget\" data-e-type=\"widget\" data-widget_type=\"heading.default\">\n\t\t\t\t<div class=\"elementor-widget-container\">\n\t\t\t\t\t<h2 class=\"elementor-heading-title elementor-size-default\"><a href=\"https:\/\/projetos.f3fabioramos.com.br\/news\/cessar-fogo-se-mantem-com-inicio-iminente-da-libertacao-de-refens-e-visita-de-trump\/\">Cessar-Fogo se Mant\u00e9m com In\u00edcio Iminente da Liberta\u00e7\u00e3o de Ref\u00e9ns e Visita de Trump<\/a><\/h2>\t\t\t\t<\/div>\n\t\t\t\t<\/div>\n\t\t\t\t<\/div>\n\t\t\t\t\t<\/div>\n\t\t\t\t<\/div>\n\t\t\t\t<\/div>\n\t\t<a href=\"https:\/\/projetos.f3fabioramos.com.br\/news\/cessar-fogo-se-mantem-com-inicio-iminente-da-libertacao-de-refens-e-visita-de-trump\/\" class=\"jet-engine-listing-overlay-link\"><\/a><\/div><\/div><div class=\"jet-listing-grid__item jet-listing-dynamic-post-2691\" data-post-id=\"2691\" ><style type=\"text\/css\">.jet-listing-dynamic-post-2691 .elementor-element.elementor-element-d6864fd .elementor-button{background-color:rgb(0,0,0);}<\/style><div class=\"jet-engine-listing-overlay-wrap\" data-url=\"https:\/\/projetos.f3fabioramos.com.br\/news\/zelensky-parabeniza-trump-por-acordo-no-oriente-medio-e-expressa-confianca-na-paz-para-a-ucrania\/\">\t\t<div data-elementor-type=\"jet-listing-items\" data-elementor-id=\"263\" class=\"elementor elementor-263\" data-elementor-post-type=\"jet-engine\">\n\t\t\t\t<div class=\"elementor-element elementor-element-8d69352 e-flex e-con-boxed elementor-invisible e-con e-parent\" data-id=\"8d69352\" data-element_type=\"container\" data-e-type=\"container\" data-settings=\"{&quot;animation&quot;:&quot;fadeIn&quot;}\">\n\t\t\t\t\t<div class=\"e-con-inner\">\n\t\t<div class=\"elementor-element elementor-element-8579b02 e-con-full e-flex e-con e-child\" data-id=\"8579b02\" data-element_type=\"container\" data-e-type=\"container\">\n\t\t\t\t<div class=\"elementor-element elementor-element-2c9e62a elementor-widget elementor-widget-image\" data-id=\"2c9e62a\" data-element_type=\"widget\" data-e-type=\"widget\" data-widget_type=\"image.default\">\n\t\t\t\t<div class=\"elementor-widget-container\">\n\t\t\t\t\t\t\t\t\t\t\t\t\t\t\t<img loading=\"lazy\" decoding=\"async\" width=\"800\" height=\"400\" src=\"https:\/\/projetos.f3fabioramos.com.br\/news\/wp-content\/uploads\/2025\/10\/Zelensky-y-Donald-Trump-1024x512.webp\" class=\"attachment-large size-large wp-image-2692\" alt=\"O encontro entre Volodymyr Zelensky e Donald Trump durante a Assembleia Geral das Na\u00e7\u00f5es Unidas, 23 de setembro de 2025, em Nova York (AP Photo\/Evan Vucci)\" srcset=\"https:\/\/projetos.f3fabioramos.com.br\/news\/wp-content\/uploads\/2025\/10\/Zelensky-y-Donald-Trump-1024x512.webp 1024w, https:\/\/projetos.f3fabioramos.com.br\/news\/wp-content\/uploads\/2025\/10\/Zelensky-y-Donald-Trump-300x150.webp 300w, https:\/\/projetos.f3fabioramos.com.br\/news\/wp-content\/uploads\/2025\/10\/Zelensky-y-Donald-Trump-768x384.webp 768w, https:\/\/projetos.f3fabioramos.com.br\/news\/wp-content\/uploads\/2025\/10\/Zelensky-y-Donald-Trump.webp 1200w\" sizes=\"(max-width: 800px) 100vw, 800px\" \/>\t\t\t\t\t\t\t\t\t\t\t\t\t\t\t<\/div>\n\t\t\t\t<\/div>\n\t\t\t\t<\/div>\n\t\t<div class=\"elementor-element elementor-element-827b027 e-con-full e-flex e-con e-child\" data-id=\"827b027\" data-element_type=\"container\" data-e-type=\"container\">\n\t\t\t\t<div class=\"elementor-element elementor-element-d6864fd elementor-widget elementor-widget-button\" data-id=\"d6864fd\" data-element_type=\"widget\" data-e-type=\"widget\" data-widget_type=\"button.default\">\n\t\t\t\t<div class=\"elementor-widget-container\">\n\t\t\t\t\t\t\t\t\t<div class=\"elementor-button-wrapper\">\n\t\t\t\t\t<a class=\"elementor-button elementor-size-sm\" role=\"button\">\n\t\t\t\t\t\t<span class=\"elementor-button-content-wrapper\">\n\t\t\t\t\t\t\t\t\t<span class=\"elementor-button-text\">Mundo<\/span>\n\t\t\t\t\t<\/span>\n\t\t\t\t\t<\/a>\n\t\t\t\t<\/div>\n\t\t\t\t\t\t\t\t<\/div>\n\t\t\t\t<\/div>\n\t\t\t\t<div class=\"elementor-element elementor-element-4c445f3 elementor-widget elementor-widget-heading\" data-id=\"4c445f3\" data-element_type=\"widget\" data-e-type=\"widget\" data-widget_type=\"heading.default\">\n\t\t\t\t<div class=\"elementor-widget-container\">\n\t\t\t\t\t<h2 class=\"elementor-heading-title elementor-size-default\"><a href=\"https:\/\/projetos.f3fabioramos.com.br\/news\/zelensky-parabeniza-trump-por-acordo-no-oriente-medio-e-expressa-confianca-na-paz-para-a-ucrania\/\">Zelensky Parabeniza Trump por Acordo no Oriente M\u00e9dio e Expressa Confian\u00e7a na Paz para a Ucr\u00e2nia<\/a><\/h2>\t\t\t\t<\/div>\n\t\t\t\t<\/div>\n\t\t\t\t<\/div>\n\t\t\t\t\t<\/div>\n\t\t\t\t<\/div>\n\t\t\t\t<\/div>\n\t\t<a href=\"https:\/\/projetos.f3fabioramos.com.br\/news\/zelensky-parabeniza-trump-por-acordo-no-oriente-medio-e-expressa-confianca-na-paz-para-a-ucrania\/\" class=\"jet-engine-listing-overlay-link\"><\/a><\/div><\/div><div class=\"jet-listing-grid__item jet-listing-dynamic-post-2656\" data-post-id=\"2656\" ><style type=\"text\/css\">.jet-listing-dynamic-post-2656 .elementor-element.elementor-element-d6864fd .elementor-button{background-color:rgb(0,0,0);}<\/style><div class=\"jet-engine-listing-overlay-wrap\" data-url=\"https:\/\/projetos.f3fabioramos.com.br\/news\/maria-corina-machado-vence-o-premio-nobel-da-paz-2025\/\">\t\t<div data-elementor-type=\"jet-listing-items\" data-elementor-id=\"263\" class=\"elementor elementor-263\" data-elementor-post-type=\"jet-engine\">\n\t\t\t\t<div class=\"elementor-element elementor-element-8d69352 e-flex e-con-boxed elementor-invisible e-con e-parent\" data-id=\"8d69352\" data-element_type=\"container\" data-e-type=\"container\" data-settings=\"{&quot;animation&quot;:&quot;fadeIn&quot;}\">\n\t\t\t\t\t<div class=\"e-con-inner\">\n\t\t<div class=\"elementor-element elementor-element-8579b02 e-con-full e-flex e-con e-child\" data-id=\"8579b02\" data-element_type=\"container\" data-e-type=\"container\">\n\t\t\t\t<div class=\"elementor-element elementor-element-2c9e62a elementor-widget elementor-widget-image\" data-id=\"2c9e62a\" data-element_type=\"widget\" data-e-type=\"widget\" data-widget_type=\"image.default\">\n\t\t\t\t<div class=\"elementor-widget-container\">\n\t\t\t\t\t\t\t\t\t\t\t\t\t\t\t<img loading=\"lazy\" decoding=\"async\" width=\"800\" height=\"400\" src=\"https:\/\/projetos.f3fabioramos.com.br\/news\/wp-content\/uploads\/2025\/10\/Nobel-da-Paz2025-1024x512.webp\" class=\"attachment-large size-large wp-image-2657\" alt=\"\" srcset=\"https:\/\/projetos.f3fabioramos.com.br\/news\/wp-content\/uploads\/2025\/10\/Nobel-da-Paz2025-1024x512.webp 1024w, https:\/\/projetos.f3fabioramos.com.br\/news\/wp-content\/uploads\/2025\/10\/Nobel-da-Paz2025-300x150.webp 300w, https:\/\/projetos.f3fabioramos.com.br\/news\/wp-content\/uploads\/2025\/10\/Nobel-da-Paz2025-768x384.webp 768w, https:\/\/projetos.f3fabioramos.com.br\/news\/wp-content\/uploads\/2025\/10\/Nobel-da-Paz2025.webp 1200w\" sizes=\"(max-width: 800px) 100vw, 800px\" \/>\t\t\t\t\t\t\t\t\t\t\t\t\t\t\t<\/div>\n\t\t\t\t<\/div>\n\t\t\t\t<\/div>\n\t\t<div class=\"elementor-element elementor-element-827b027 e-con-full e-flex e-con e-child\" data-id=\"827b027\" data-element_type=\"container\" data-e-type=\"container\">\n\t\t\t\t<div class=\"elementor-element elementor-element-d6864fd elementor-widget elementor-widget-button\" data-id=\"d6864fd\" data-element_type=\"widget\" data-e-type=\"widget\" data-widget_type=\"button.default\">\n\t\t\t\t<div class=\"elementor-widget-container\">\n\t\t\t\t\t\t\t\t\t<div class=\"elementor-button-wrapper\">\n\t\t\t\t\t<a class=\"elementor-button elementor-size-sm\" role=\"button\">\n\t\t\t\t\t\t<span class=\"elementor-button-content-wrapper\">\n\t\t\t\t\t\t\t\t\t<span class=\"elementor-button-text\">Mundo<\/span>\n\t\t\t\t\t<\/span>\n\t\t\t\t\t<\/a>\n\t\t\t\t<\/div>\n\t\t\t\t\t\t\t\t<\/div>\n\t\t\t\t<\/div>\n\t\t\t\t<div class=\"elementor-element elementor-element-4c445f3 elementor-widget elementor-widget-heading\" data-id=\"4c445f3\" data-element_type=\"widget\" data-e-type=\"widget\" data-widget_type=\"heading.default\">\n\t\t\t\t<div class=\"elementor-widget-container\">\n\t\t\t\t\t<h2 class=\"elementor-heading-title elementor-size-default\"><a href=\"https:\/\/projetos.f3fabioramos.com.br\/news\/maria-corina-machado-vence-o-premio-nobel-da-paz-2025\/\">Maria Corina Machado Vence o Pr\u00eamio Nobel da Paz 2025<\/a><\/h2>\t\t\t\t<\/div>\n\t\t\t\t<\/div>\n\t\t\t\t<\/div>\n\t\t\t\t\t<\/div>\n\t\t\t\t<\/div>\n\t\t\t\t<\/div>\n\t\t<a href=\"https:\/\/projetos.f3fabioramos.com.br\/news\/maria-corina-machado-vence-o-premio-nobel-da-paz-2025\/\" class=\"jet-engine-listing-overlay-link\"><\/a><\/div><\/div><\/div><\/div>\t\t\t\t<\/div>\n\t\t\t\t<\/div>\n\t\t\t\t\t<\/div>\n\t\t\t\t<\/div>\n\t\t\t\t<\/div>\n\t\t<\/div>\t\t\t<\/div>\n\t\t<\/div>\n\t\t\t\t\t\t<\/div>\n\t\t\t\t<\/div>\n\t\t\t\t<\/div>\n\t\t\t\t\t<\/div>\n\t\t\t\t<\/div>\n\t\t\t\t<\/div>\n\t\t","protected":false},"excerpt":{"rendered":"<p>Carregando mais Veja + Lidas\u00daltimasMundo<\/p>\n","protected":false},"author":1,"featured_media":0,"parent":0,"menu_order":0,"comment_status":"closed","ping_status":"closed","template":"","meta":{"footnotes":""},"class_list":["post-513","page","type-page","status-publish","hentry"],"_links":{"self":[{"href":"https:\/\/projetos.f3fabioramos.com.br\/news\/wp-json\/wp\/v2\/pages\/513","targetHints":{"allow":["GET"]}}],"collection":[{"href":"https:\/\/projetos.f3fabioramos.com.br\/news\/wp-json\/wp\/v2\/pages"}],"about":[{"href":"https:\/\/projetos.f3fabioramos.com.br\/news\/wp-json\/wp\/v2\/types\/page"}],"author":[{"embeddable":true,"href":"https:\/\/projetos.f3fabioramos.com.br\/news\/wp-json\/wp\/v2\/users\/1"}],"replies":[{"embeddable":true,"href":"https:\/\/projetos.f3fabioramos.com.br\/news\/wp-json\/wp\/v2\/comments?post=513"}],"version-history":[{"count":10,"href":"https:\/\/projetos.f3fabioramos.com.br\/news\/wp-json\/wp\/v2\/pages\/513\/revisions"}],"predecessor-version":[{"id":526,"href":"https:\/\/projetos.f3fabioramos.com.br\/news\/wp-json\/wp\/v2\/pages\/513\/revisions\/526"}],"wp:attachment":[{"href":"https:\/\/projetos.f3fabioramos.com.br\/news\/wp-json\/wp\/v2\/media?parent=513"}],"curies":[{"name":"wp","href":"https:\/\/api.w.org\/{rel}","templated":true}]}}